{"id":1654,"date":"2020-01-16T18:18:48","date_gmt":"2020-01-16T16:18:48","guid":{"rendered":"https:\/\/www.autisme.com\/collabora\/"},"modified":"2024-12-19T16:20:06","modified_gmt":"2024-12-19T14:20:06","slug":"colabora","status":"publish","type":"page","link":"https:\/\/www.autisme.com\/es\/colabora\/","title":{"rendered":"Colabora"},"content":{"rendered":"<div class=\"wpb-content-wrapper\"><p>[vc_row][vc_column]<div class=\"ult-spacer spacer-69f37a6e9efdd\" data-id=\"69f37a6e9efdd\" data-height=\"70\" data-height-mobile=\"\" data-height-tab=\"70\" data-height-tab-portrait=\"70\" data-height-mobile-landscape=\"\" style=\"clear:both;display:block;\"><\/div>[vc_column_text css=\u00bb\u00bb el_class=\u00bbfiltres\u00bb]<\/p>\n<p style=\"text-align: center;\"><a href=\"#fes-un-donatiu\">haz un donativo<\/a> \/ <a href=\"https:\/\/www.autisme.com\/es\/colabora\/#ven\">ven<\/a> \/<a href=\"https:\/\/www.autisme.com\/es\/colabora\/#productos\"> productos solidarios<\/a> \/ <a href=\"#testament-solidari\">testamento solidario<\/a>\u00a0 \/ <a href=\"#avantatges-fiscals\">ventajas fiscales<\/a><\/p>\n<p>[\/vc_column_text][\/vc_column][\/vc_row][vc_row][vc_column]<div class=\"ult-spacer spacer-69f37a6e9f089\" data-id=\"69f37a6e9f089\" data-height=\"20\" data-height-mobile=\"0\" data-height-tab=\"20\" data-height-tab-portrait=\"20\" data-height-mobile-landscape=\"0\" style=\"clear:both;display:block;\"><\/div>[vc_accordion active_tab=\u00bb1&#8243;][vc_accordion_tab title=\u00bbHaz un donativo\u00bb el_id=\u00bbfes-un-donatiu\u00bb][vc_row_inner][vc_column_inner]<div class=\"ult-spacer spacer-69f37a6e9f0dd\" data-id=\"69f37a6e9f0dd\" data-height=\"20\" data-height-mobile=\"\" data-height-tab=\"20\" data-height-tab-portrait=\"20\" data-height-mobile-landscape=\"\" style=\"clear:both;display:block;\"><\/div>[\/vc_column_inner][\/vc_row_inner][vc_row_inner][vc_column_inner][vc_column_text]<\/p>\n<h2>\u00a1Tu colaboraci\u00f3n es imprescindible!<\/h2>\n<p>Tu apoyo permite un trabajo constante para mejorar la calidad de vida de las personas con autismo.<br \/>\n\u00a1S\u00famate a nuestro proyecto![\/vc_column_text][vc_column_text css=\u00bb\u00bb]<\/p>\n<h2>BIZUM<\/h2>\n<p>Si lo desea puede hacer su aportaci\u00f3n a trav\u00e9s de <strong>BIZUM<\/strong>.<\/p>\n<p>El c\u00f3digo de <strong>BIZUM<\/strong> de APAFAC es <strong>08444<\/strong>.<\/p>\n<p>Si desea recibir un certificado de su aportaci\u00f3n, nos debe hacer llegar un correo electr\u00f3nico a la direcci\u00f3n hola@autisme.com\u00a0con los siguientes datos: Nombre y Apellidos, DNI, direcci\u00f3n y tel\u00e9fono de contacto.<\/p>\n<p>Tu colaboraci\u00f3n individual y recurrente permite un trabajo constante para mejorar la calidad de vida de las personas con autismo. S\u00famate al proyecto, forma parte de \u00e9l![\/vc_column_text][\/vc_column_inner][\/vc_row_inner][vc_row_inner][vc_column_inner]<div class=\"ult-spacer spacer-69f37a6e9f110\" data-id=\"69f37a6e9f110\" data-height=\"40\" data-height-mobile=\"\" data-height-tab=\"40\" data-height-tab-portrait=\"40\" data-height-mobile-landscape=\"\" style=\"clear:both;display:block;\"><\/div>[\/vc_column_inner][\/vc_row_inner][\/vc_accordion_tab][\/vc_accordion][vc_accordion active_tab=\u00bb1&#8243;][vc_accordion_tab title=\u00bbVen\u00bb el_id=\u00bbven\u00bb][vc_row_inner][vc_column_inner]<div class=\"ult-spacer spacer-69f37a6e9f13e\" data-id=\"69f37a6e9f13e\" data-height=\"20\" data-height-mobile=\"\" data-height-tab=\"20\" data-height-tab-portrait=\"20\" data-height-mobile-landscape=\"\" style=\"clear:both;display:block;\"><\/div>[\/vc_column_inner][\/vc_row_inner][vc_row_inner][vc_column_inner width=\u00bb6\/12&#8243;][vc_column_text css=\u00bb\u00bb]Comparte con nosotros tus habilidades o aficiones. Da soporte y acompa\u00f1amiento en actividades art\u00edsticas, de ocio o deporte o en tareas de administraci\u00f3n y gesti\u00f3n de las Entidades del proyecto <strong>autismo la garriga<\/strong>. Las personas que de una forma generosa regalan su tiempo son una pieza clave para las personas con autismo. El tiempo es el bien m\u00e1s preciado. Darlo, dice mucho de ti.[\/vc_column_text][\/vc_column_inner][vc_column_inner width=\u00bb1\/12&#8243;][\/vc_column_inner][vc_column_inner width=\u00bb5\/12&#8243;][vc_column_text css=\u00bb\u00bb]Si eres una empresa y quieres vivir una jornada de voluntariado, desde las Entidades del proyecto <strong>autismo la garriga<\/strong> te organizamos una jornada de voluntariado corporativo, para que tus profesionales conozcan nuestra causa y al mismo tiempo se fomenten valores como la solidaridad y la cooperaci\u00f3n. Cont\u00e1ctanos en hola@autisme.com y te informaremos.[\/vc_column_text]<style type=\"text\/css\" data-type=\"the7_shortcodes-inline-css\">#default-btn-dbd3949fb840d0929341c31a86a34e5b.ico-right-side > i {\n  margin-right: 0px;\n  margin-left: 8px;\n}\n#default-btn-dbd3949fb840d0929341c31a86a34e5b > i {\n  margin-right: 8px;\n}<\/style><a href=\"https:\/\/www.autisme.com\/es\/ven\/\" class=\"default-btn-shortcode dt-btn dt-btn-m link-hover-off btn-inline-left \" target=\"_blank\" id=\"default-btn-dbd3949fb840d0929341c31a86a34e5b\" rel=\"noopener\"><span>+ INFORMACI\u00d3N<\/span><\/a>[\/vc_column_inner][\/vc_row_inner][vc_row_inner][vc_column_inner]<div class=\"ult-spacer spacer-69f37a6e9f430\" data-id=\"69f37a6e9f430\" data-height=\"40\" data-height-mobile=\"\" data-height-tab=\"40\" data-height-tab-portrait=\"40\" data-height-mobile-landscape=\"\" style=\"clear:both;display:block;\"><\/div>[\/vc_column_inner][\/vc_row_inner][\/vc_accordion_tab][\/vc_accordion][vc_accordion active_tab=\u00bb1&#8243;][vc_accordion_tab title=\u00bbProductos solidarios\u00bb el_id=\u00bbproductos\u00bb][vc_row_inner][vc_column_inner]<div class=\"ult-spacer spacer-69f37a6e9f493\" data-id=\"69f37a6e9f493\" data-height=\"20\" data-height-mobile=\"\" data-height-tab=\"20\" data-height-tab-portrait=\"20\" data-height-mobile-landscape=\"\" style=\"clear:both;display:block;\"><\/div>[\/vc_column_inner][\/vc_row_inner][vc_row_inner][vc_column_inner width=\u00bb6\/12&#8243;][vc_column_text css=\u00bb\u00bb]Compra nuestros <strong>productos<\/strong>, hechos por personas con autismo, <strong>artesanales<\/strong> y de <strong>excelente calidad<\/strong>.<\/p>\n<p>En <strong>autismo la garriga<\/strong> elaboramos productos artesanales con papel reciclado.<\/p>\n<p>La mayor\u00eda de nuestros productos se elaboran bajo pedido y son totalmente personalizados.[\/vc_column_text][\/vc_column_inner][vc_column_inner width=\u00bb1\/12&#8243;][\/vc_column_inner][vc_column_inner width=\u00bb5\/12&#8243;][vc_column_text css=\u00bb\u00bb]Estos productos est\u00e1n confeccionados al 100% con el papel que llega a nuestras instalaciones (blanco, de color, envoltorios, cart\u00f3n\u2026).<br \/>\nNo utilizamos productos clorados ni ning\u00fan tipo de colorante a\u00f1adido en todo el proceso.[\/vc_column_text]<style type=\"text\/css\" data-type=\"the7_shortcodes-inline-css\">#default-btn-1094e19a4752791a776384ebf9adac66.ico-right-side > i {\n  margin-right: 0px;\n  margin-left: 8px;\n}\n#default-btn-1094e19a4752791a776384ebf9adac66 > i {\n  margin-right: 8px;\n}<\/style><a href=\"https:\/\/www.autisme.com\/es\/productos-artesanales\" class=\"default-btn-shortcode dt-btn dt-btn-m link-hover-off btn-inline-left \" target=\"_blank\" id=\"default-btn-1094e19a4752791a776384ebf9adac66\" rel=\"noopener\"><span>+ INFORMACI\u00d3N<\/span><\/a>[\/vc_column_inner][\/vc_row_inner][vc_row_inner][vc_column_inner]<div class=\"ult-spacer spacer-69f37a6e9f5fd\" data-id=\"69f37a6e9f5fd\" data-height=\"40\" data-height-mobile=\"\" data-height-tab=\"40\" data-height-tab-portrait=\"40\" data-height-mobile-landscape=\"\" style=\"clear:both;display:block;\"><\/div>[\/vc_column_inner][\/vc_row_inner][\/vc_accordion_tab][\/vc_accordion][vc_accordion active_tab=\u00bb1&#8243;][vc_accordion_tab title=\u00bbTestamento solidario\u00bb el_id=\u00bbtestament-solidari\u00bb][vc_row_inner][vc_column_inner]<div class=\"ult-spacer spacer-69f37a6e9f648\" data-id=\"69f37a6e9f648\" data-height=\"20\" data-height-mobile=\"\" data-height-tab=\"20\" data-height-tab-portrait=\"20\" data-height-mobile-landscape=\"\" style=\"clear:both;display:block;\"><\/div>[\/vc_column_inner][\/vc_row_inner][vc_row_inner][vc_column_inner][vc_column_text]Durante tu vida, has ayudado a muchas personas. Cuando ya no est\u00e9s, puedes seguir haci\u00e9ndolo. Haz testamento. Haz un legado a favor del autismo. Las personas con autismo necesitan ayuda toda la vida, tambi\u00e9n cuando t\u00fa ya no est\u00e9s.<\/p>\n<p>El testamento es una oportunidad para proyectar el resultado de todo el esfuerzo que has hecho en vida hacia el futuro, dejando huella, dejando escritos tus deseos para mundo mejor.<\/p>\n<p>Quedan muchas cosas por hacer, el autismo sigue siendo un gran desconocido para la sociedad, para la comunidad m\u00e9dica, para los que lo sufren &#8230; Tu legado solidario permitir\u00e1 seguir trabajando por las personas con autismo cuando t\u00fa ya no est\u00e9s.<\/p>\n<p>Incluir un legado solidario en tu testamento es una forma de mantener vivo tu esfuerzo por un mundo mejor. Seguramente te preocupan unas causas, seguramente colaboras con alguna organizaci\u00f3n no lucrativa, seguramente has ayudado a personas que lo necesitaban, seguramente quieres un mundo mejor&#8230; leer hoy en tu testamento, est\u00e1s apoyando a organizaciones que trabajan para conseguir en un futuro un mundo mejor.[\/vc_column_text][accordion_father][accordion_son gradientbg=\u00bb\u00bb title=\u00bb\u00bfQu\u00e9 es un testamento solidario?\u00bb]Aquel en el que incluyes a una o varias entidades no lucrativas, dejando parte de tu patrimonio o un bien concreto (legado), independientemente del valor y sin perjudicar a tus herederos leg\u00edtimos.[\/accordion_son][accordion_son gradientbg=\u00bb\u00bb title=\u00bb\u00bfPor qu\u00e9 es importante hacer un testamento solidario?\u00bb]Hacer testamento es importante y muy aconsejable para dejar claras las \u00faltimas voluntades y hacer m\u00e1s c\u00f3modo y sencillo los tr\u00e1mites a la familia. Ahorrar\u00e1s gastos y preocupaciones futuras a tus seres queridos. No es cuesti\u00f3n de edad y lo puedes cambiar siempre que quieras, sin tener que dar explicaciones a nadie. Si no hay herederos ni testamento, los bienes pasan a disposici\u00f3n del Estado. Hacer testamento es un tr\u00e1mite simple y de bajo coste (50 euros aproximadamente).<\/p>\n<p>Hacer testamento es una manera de reflexionar sobre lo que tenemos y sobre qu\u00e9 pasar\u00e1 con lo que tenemos cuando ya no estemos.<\/p>\n<p>Haciendo un legado solidario, tambi\u00e9n legas un mensaje de solidaridad a futuras generaciones.[\/accordion_son][accordion_son gradientbg=\u00bb\u00bb title=\u00bb\u00bfPuedo legar a diferentes organizaciones?\u00bb]S\u00ed, puedes legar a m\u00e1s de una organizaci\u00f3n, siempre respetando la leg\u00edtima.[\/accordion_son][accordion_son gradientbg=\u00bb\u00bb title=\u00bb\u00bfQu\u00e9 puedo legar a las Entidades del proyecto Autismo la Garriga?\u00bb]<span class=\"tlid-translation translation\" lang=\"es\"><span title=\"\">Puedes<\/span> <span title=\"\">legar<\/span> <span title=\"\">bienes<\/span> <span class=\"\" title=\"\">concretos,<\/span> <span class=\"\" title=\"\">como un<\/span> <span title=\"\">inmueble,<\/span> <span title=\"\">un coche<\/span><span title=\"\">, joyas,<\/span> <span class=\"\" title=\"\">una obra de arte<\/span> <span title=\"\">&#8230;<\/span> <span title=\"\">o bien<\/span> <span class=\"\" title=\"\">un tanto por ciento<\/span> <span title=\"\">del patrimonio<\/span><span title=\"\">, dinero<\/span> <span class=\"\" title=\"\">o acciones<\/span><span title=\"\">.<\/span> <span title=\"\">Cualquier<\/span> <span class=\"\" title=\"\">aportaci\u00f3n<\/span><span class=\"\" title=\"\">,<\/span> <span class=\"\" title=\"\">peque\u00f1a<\/span> <span title=\"\">o grande<\/span><span title=\"\">,<\/span> <span title=\"\">es importante.<\/span> <span class=\"\" title=\"\">La \u00fanica<\/span> <span class=\"\" title=\"\">limitaci\u00f3n<\/span> <span class=\"\" title=\"\">legal<\/span> es <span class=\"\" title=\"\">respetar<\/span> <span title=\"\">la<\/span> <span title=\"\">leg\u00edtima<\/span> <span title=\"\">de los<\/span> <span title=\"\">herederos.<\/span><\/span><\/p>\n<p><span class=\"tlid-translation translation\" lang=\"es\"><span title=\"\">Haciendo<\/span> <span title=\"\">un legado<\/span> <span title=\"\">solidario<\/span><span title=\"\">,<\/span> <span class=\"\" title=\"\">tambi\u00e9n<\/span> <span title=\"\">legas<\/span> <span title=\"\">un mensaje<\/span> <span title=\"\">de solidaridad<\/span> <span title=\"\">a<\/span> <span title=\"\">futuras<\/span> <span class=\"\" title=\"\">generaciones<\/span><span title=\"\">.<\/span><\/span>[\/accordion_son][accordion_son gradientbg=\u00bb\u00bb title=\u00bb\u00bfComo se hace efectivo mi legado una vez yo no est\u00e9?\u00bb]Los herederos tienen la obligaci\u00f3n legal de notificar y hacer entrega de los legados. Asimismo, los notarios tambi\u00e9n tienen la obligaci\u00f3n de comunicar las disposiciones de este tipo al protectorado.[\/accordion_son][accordion_son gradientbg=\u00bb\u00bb title=\u00bb\u00bfTengo que avisar a alguien que he hecho un legado solidario?\u00bb]<span class=\"tlid-translation translation\" lang=\"es\"><span class=\"\" title=\"\">No es necesario<\/span> <span class=\"\" title=\"\">comunicarlo a<\/span> <span class=\"\" title=\"\">nadie.<\/span><\/span>[\/accordion_son][accordion_son gradientbg=\u00bb\u00bb title=\u00bb\u00bfQu\u00e9 papel tienen los impuestos si hago un legado solidario?\u00bb]Los ingresos que las Entidades del proyecto <strong>autismo la garriga<\/strong> reciben de herencias y legados est\u00e1n exentos del impuesto de sociedades, por ser una organizaci\u00f3n no lucrativa declarada de utilidad p\u00fablica. Y no est\u00e1 sujeta al impuesto de sucesiones por el hecho de ser una persona jur\u00eddica. Por lo tanto el legado solidario llega \u00edntegramente a cualquiera de las Entidades del proyecto <strong>autismo la garriga<\/strong>.[\/accordion_son][accordion_son gradientbg=\u00bb\u00bb title=\u00bb\u00bfQu\u00e9 necesito para legar a favor de alguna de las Entidades del proyecto Autismo la Garriga?\u00bb]Solo los datos b\u00e1sicos de la Entidad y hablar con el notario para explicarle la decisi\u00f3n de incluir un legado solidario a favor de algunas de las Entidades del proyecto <strong>autismo la garriga<\/strong>.[\/accordion_son][\/accordion_father][\/vc_column_inner][\/vc_row_inner][vc_row_inner][vc_column_inner]<div class=\"ult-spacer spacer-69f37a6e9f691\" data-id=\"69f37a6e9f691\" data-height=\"40\" data-height-mobile=\"\" data-height-tab=\"40\" data-height-tab-portrait=\"40\" data-height-mobile-landscape=\"\" style=\"clear:both;display:block;\"><\/div>[\/vc_column_inner][\/vc_row_inner][\/vc_accordion_tab][\/vc_accordion]<div class=\"ult-spacer spacer-69f37a6e9f6d7\" data-id=\"69f37a6e9f6d7\" data-height=\"90\" data-height-mobile=\"40\" data-height-tab=\"90\" data-height-tab-portrait=\"90\" data-height-mobile-landscape=\"40\" style=\"clear:both;display:block;\"><\/div>[\/vc_column][\/vc_row][vc_row el_id=\u00bbavantatges-fiscals\u00bb][vc_column]<div class=\"ult-spacer spacer-69f37a6e9f71c\" data-id=\"69f37a6e9f71c\" data-height=\"20\" data-height-mobile=\"0\" data-height-tab=\"20\" data-height-tab-portrait=\"20\" data-height-mobile-landscape=\"0\" style=\"clear:both;display:block;\"><\/div>[vc_row_inner][vc_column_inner width=\u00bb1\/2&#8243;][vc_column_text]<\/p>\n<h2 style=\"text-align: left;\">Ventajas fiscales de hacer donativos a las Entidades del proyecto Autismo la Garriga<\/h2>\n<p>[\/vc_column_text][\/vc_column_inner][vc_column_inner width=\u00bb1\/2&#8243;][\/vc_column_inner][\/vc_row_inner][vc_row_inner][vc_column_inner width=\u00bb1\/2&#8243;][vc_column_text]<\/p>\n<h3 style=\"text-align: left;\">Si decides colaborar con nuestras Entidades, tramitaremos todos los documentos necesarios para que puedas declarar fiscalmente tu aportaci\u00f3n y desgravarla tanto si eres una empresa como un particular<\/h3>\n<p>[\/vc_column_text][\/vc_column_inner][vc_column_inner width=\u00bb1\/2&#8243;][vc_column_text]En relaci\u00f3n con esta donaci\u00f3n y seg\u00fan el Real Decreto Ley 6\/2023 de 19 de diciembre, que entr\u00f3 en vigor el 1 de enero de 2024, los donativos a las entidades de conforman del proyecto autismo la garriga tienen una desgravaci\u00f3n fiscal del 80 % para los primeros 250 euros donados por personas f\u00edsicas. A partir de este importe, las donaciones son deducibles un 40%, siempre y cuando la base de la deducci\u00f3n no podr\u00e1 exceder del 15% de la base imponible del per\u00edodo impositivo.<\/p>\n<p>En el caso de donaciones peri\u00f3dicas, si en los dos a\u00f1os anteriores se hubiera realizado una donaci\u00f3n a la misma entidad, el importe de la donaci\u00f3n de este ejercicio y del ejercicio anterior ser\u00e1 igual o superior, en cada uno de ellos , en el del ejercicio inmediato anterior, el porcentaje de deducci\u00f3n ser\u00eda del 45% en el caso de las personas f\u00edsicas y del 50% en el caso de las personas jur\u00eddicas.<\/p>\n<p>Si tiene alguna duda, puede contactar con nosotros y le asesoraremos.[\/vc_column_text][\/vc_column_inner][\/vc_row_inner]<div class=\"ult-spacer spacer-69f37a6e9f761\" data-id=\"69f37a6e9f761\" data-height=\"110\" data-height-mobile=\"80\" data-height-tab=\"110\" data-height-tab-portrait=\"110\" data-height-mobile-landscape=\"80\" style=\"clear:both;display:block;\"><\/div>[vc_single_image image=\u00bb1674&#8243; img_size=\u00bbfull\u00bb]<div class=\"ult-spacer spacer-69f37a6e9f7a3\" data-id=\"69f37a6e9f7a3\" data-height=\"110\" data-height-mobile=\"80\" data-height-tab=\"110\" data-height-tab-portrait=\"110\" data-height-mobile-landscape=\"80\" style=\"clear:both;display:block;\"><\/div>[\/vc_column][\/vc_row]<\/p>\n<\/div>","protected":false},"excerpt":{"rendered":"<p>[vc_row][vc_column][vc_column_text css=\u00bb\u00bb el_class=\u00bbfiltres\u00bb] haz un donativo \/ ven \/ productos solidarios \/ testamento solidario\u00a0 \/ ventajas fiscales [\/vc_column_text][\/vc_column][\/vc_row][vc_row][vc_column][vc_accordion active_tab=\u00bb1&#8243;][vc_accordion_tab title=\u00bbHaz un donativo\u00bb el_id=\u00bbfes-un-donatiu\u00bb][vc_row_inner][vc_column_inner][\/vc_column_inner][\/vc_row_inner][vc_row_inner][vc_column_inner][vc_column_text] \u00a1Tu colaboraci\u00f3n es imprescindible! Tu apoyo permite un trabajo constante para mejorar la calidad de vida de las personas con autismo. \u00a1S\u00famate a nuestro proyecto![\/vc_column_text][vc_column_text css=\u00bb\u00bb] BIZUM Si lo desea puede hacer&hellip;<\/p>\n","protected":false},"author":1,"featured_media":0,"parent":0,"menu_order":0,"comment_status":"closed","ping_status":"closed","template":"","meta":{"footnotes":""},"class_list":["post-1654","page","type-page","status-publish","hentry","description-off"],"yoast_head":"<!-- This site is optimized with the Yoast SEO plugin v27.4 - https:\/\/yoast.com\/product\/yoast-seo-wordpress\/ -->\n<title>Colabora - Autisme la Garriga<\/title>\n<meta name=\"description\" content=\"Responsabilidad social corporativa y autismo. Colabora con las entidades que conforman el proyecto Autismo la Garriga. Desgravaci\u00f3n fiscal de las aportaciones.\" \/>\n<meta name=\"robots\" content=\"index, follow, max-snippet:-1, max-image-preview:large, max-video-preview:-1\" \/>\n<link rel=\"canonical\" href=\"https:\/\/www.autisme.com\/es\/colabora\/\" \/>\n<meta property=\"og:locale\" content=\"es_ES\" \/>\n<meta property=\"og:type\" content=\"article\" \/>\n<meta property=\"og:title\" content=\"Colabora - Autisme la Garriga\" \/>\n<meta property=\"og:description\" content=\"Responsabilidad social corporativa y autismo. Colabora con las entidades que conforman el proyecto Autismo la Garriga. Desgravaci\u00f3n fiscal de las aportaciones.\" \/>\n<meta property=\"og:url\" content=\"https:\/\/www.autisme.com\/es\/colabora\/\" \/>\n<meta property=\"og:site_name\" content=\"Autisme la Garriga\" \/>\n<meta property=\"article:modified_time\" content=\"2024-12-19T14:20:06+00:00\" \/>\n<meta name=\"twitter:card\" content=\"summary_large_image\" \/>\n<meta name=\"twitter:label1\" content=\"Tiempo de lectura\" \/>\n\t<meta name=\"twitter:data1\" content=\"7 minutos\" \/>\n<script type=\"application\/ld+json\" class=\"yoast-schema-graph\">{\"@context\":\"https:\\\/\\\/schema.org\",\"@graph\":[{\"@type\":\"WebPage\",\"@id\":\"https:\\\/\\\/www.autisme.com\\\/es\\\/colabora\\\/\",\"url\":\"https:\\\/\\\/www.autisme.com\\\/es\\\/colabora\\\/\",\"name\":\"Colabora - Autisme la Garriga\",\"isPartOf\":{\"@id\":\"https:\\\/\\\/www.autisme.com\\\/es\\\/#website\"},\"datePublished\":\"2020-01-16T16:18:48+00:00\",\"dateModified\":\"2024-12-19T14:20:06+00:00\",\"description\":\"Responsabilidad social corporativa y autismo. Colabora con las entidades que conforman el proyecto Autismo la Garriga. Desgravaci\u00f3n fiscal de las aportaciones.\",\"breadcrumb\":{\"@id\":\"https:\\\/\\\/www.autisme.com\\\/es\\\/colabora\\\/#breadcrumb\"},\"inLanguage\":\"es\",\"potentialAction\":[{\"@type\":\"ReadAction\",\"target\":[\"https:\\\/\\\/www.autisme.com\\\/es\\\/colabora\\\/\"]}]},{\"@type\":\"BreadcrumbList\",\"@id\":\"https:\\\/\\\/www.autisme.com\\\/es\\\/colabora\\\/#breadcrumb\",\"itemListElement\":[{\"@type\":\"ListItem\",\"position\":1,\"name\":\"Inici\",\"item\":\"https:\\\/\\\/www.autisme.com\\\/es\\\/\"},{\"@type\":\"ListItem\",\"position\":2,\"name\":\"Colabora\"}]},{\"@type\":\"WebSite\",\"@id\":\"https:\\\/\\\/www.autisme.com\\\/es\\\/#website\",\"url\":\"https:\\\/\\\/www.autisme.com\\\/es\\\/\",\"name\":\"Autisme la Garriga\",\"description\":\"\",\"potentialAction\":[{\"@type\":\"SearchAction\",\"target\":{\"@type\":\"EntryPoint\",\"urlTemplate\":\"https:\\\/\\\/www.autisme.com\\\/es\\\/?s={search_term_string}\"},\"query-input\":{\"@type\":\"PropertyValueSpecification\",\"valueRequired\":true,\"valueName\":\"search_term_string\"}}],\"inLanguage\":\"es\"}]}<\/script>\n<!-- \/ Yoast SEO plugin. -->","yoast_head_json":{"title":"Colabora - Autisme la Garriga","description":"Responsabilidad social corporativa y autismo. Colabora con las entidades que conforman el proyecto Autismo la Garriga. Desgravaci\u00f3n fiscal de las aportaciones.","robots":{"index":"index","follow":"follow","max-snippet":"max-snippet:-1","max-image-preview":"max-image-preview:large","max-video-preview":"max-video-preview:-1"},"canonical":"https:\/\/www.autisme.com\/es\/colabora\/","og_locale":"es_ES","og_type":"article","og_title":"Colabora - Autisme la Garriga","og_description":"Responsabilidad social corporativa y autismo. Colabora con las entidades que conforman el proyecto Autismo la Garriga. Desgravaci\u00f3n fiscal de las aportaciones.","og_url":"https:\/\/www.autisme.com\/es\/colabora\/","og_site_name":"Autisme la Garriga","article_modified_time":"2024-12-19T14:20:06+00:00","twitter_card":"summary_large_image","twitter_misc":{"Tiempo de lectura":"7 minutos"},"schema":{"@context":"https:\/\/schema.org","@graph":[{"@type":"WebPage","@id":"https:\/\/www.autisme.com\/es\/colabora\/","url":"https:\/\/www.autisme.com\/es\/colabora\/","name":"Colabora - Autisme la Garriga","isPartOf":{"@id":"https:\/\/www.autisme.com\/es\/#website"},"datePublished":"2020-01-16T16:18:48+00:00","dateModified":"2024-12-19T14:20:06+00:00","description":"Responsabilidad social corporativa y autismo. Colabora con las entidades que conforman el proyecto Autismo la Garriga. Desgravaci\u00f3n fiscal de las aportaciones.","breadcrumb":{"@id":"https:\/\/www.autisme.com\/es\/colabora\/#breadcrumb"},"inLanguage":"es","potentialAction":[{"@type":"ReadAction","target":["https:\/\/www.autisme.com\/es\/colabora\/"]}]},{"@type":"BreadcrumbList","@id":"https:\/\/www.autisme.com\/es\/colabora\/#breadcrumb","itemListElement":[{"@type":"ListItem","position":1,"name":"Inici","item":"https:\/\/www.autisme.com\/es\/"},{"@type":"ListItem","position":2,"name":"Colabora"}]},{"@type":"WebSite","@id":"https:\/\/www.autisme.com\/es\/#website","url":"https:\/\/www.autisme.com\/es\/","name":"Autisme la Garriga","description":"","potentialAction":[{"@type":"SearchAction","target":{"@type":"EntryPoint","urlTemplate":"https:\/\/www.autisme.com\/es\/?s={search_term_string}"},"query-input":{"@type":"PropertyValueSpecification","valueRequired":true,"valueName":"search_term_string"}}],"inLanguage":"es"}]}},"_links":{"self":[{"href":"https:\/\/www.autisme.com\/es\/wp-json\/wp\/v2\/pages\/1654","targetHints":{"allow":["GET"]}}],"collection":[{"href":"https:\/\/www.autisme.com\/es\/wp-json\/wp\/v2\/pages"}],"about":[{"href":"https:\/\/www.autisme.com\/es\/wp-json\/wp\/v2\/types\/page"}],"author":[{"embeddable":true,"href":"https:\/\/www.autisme.com\/es\/wp-json\/wp\/v2\/users\/1"}],"replies":[{"embeddable":true,"href":"https:\/\/www.autisme.com\/es\/wp-json\/wp\/v2\/comments?post=1654"}],"version-history":[{"count":0,"href":"https:\/\/www.autisme.com\/es\/wp-json\/wp\/v2\/pages\/1654\/revisions"}],"wp:attachment":[{"href":"https:\/\/www.autisme.com\/es\/wp-json\/wp\/v2\/media?parent=1654"}],"curies":[{"name":"wp","href":"https:\/\/api.w.org\/{rel}","templated":true}]}}