{"id":52092,"date":"2023-09-16T18:37:08","date_gmt":"2023-09-16T16:37:08","guid":{"rendered":"https:\/\/www.autisme.com\/vine\/"},"modified":"2025-03-20T12:55:32","modified_gmt":"2025-03-20T10:55:32","slug":"ven","status":"publish","type":"page","link":"https:\/\/www.autisme.com\/es\/ven\/","title":{"rendered":"Ven a nuestra casa"},"content":{"rendered":"<div class=\"wpb-content-wrapper\"><p>[vc_row full_width=\u00bbstretch_row\u00bb bg_type=\u00bbbg_color\u00bb bg_color_value=\u00bb#ffffff\u00bb][vc_column][vc_column_text css=\u00bb\u00bb]<\/p>\n<p style=\"text-align: center;\"><a href=\"https:\/\/www.autisme.com\/es\/ven\/#ven\">ven<\/a> \/ <a href=\"https:\/\/www.autisme.com\/es\/ven\/#jardineria\">jardineria<\/a> \/ <a href=\"https:\/\/www.autisme.com\/es\/ven\/#productos\">productos solidarios<\/a> \/ <a href=\"https:\/\/www.autisme.com\/es\/colabora\/#donativo\">donativos<\/a> \/ <a href=\"https:\/\/www.autisme.com\/es\/ven\/#huerta\">huerta<\/a> \/ <a href=\"https:\/\/www.autisme.com\/es\/ven\/#musica\">m\u00fasica<\/a> \/ <a href=\"https:\/\/www.autisme.com\/es\/ven\/#empresa\">empresa<\/a> \/ <a href=\"https:\/\/www.autisme.com\/es\/ven\/#deportes\">deportes<\/a> \/ <a href=\"https:\/\/www.autisme.com\/es\/ven\/#estudiantes\">estudiantes<\/a><\/p>\n<p>[\/vc_column_text][vc_column_text css=\u00bb.vc_custom_1701166038950{margin-top: 40px !important;}\u00bb]<\/p>\n<h1 style=\"text-align: center;\">Ven a nuestra casa<\/h1>\n<p>[\/vc_column_text][vc_single_image image=\u00bb51711&#8243; img_size=\u00bbfull\u00bb][vc_row_inner][vc_column_inner width=\u00bb1\/2&#8243;][vc_column_text]<\/p>\n<h3 style=\"text-align: left;\">\u00bfTodas las personas con autismo son iguales?<\/h3>\n<h3 style=\"text-align: left;\">\u00bfC\u00f3mo vive una persona con autismo con discapacidad intelectual asociada?<\/h3>\n<h3 style=\"text-align: left;\">\u00bfCu\u00e1les son sus necesidades?<\/h3>\n<h3 style=\"text-align: left;\">\u00bfTengo prejuicios sobre el trastorno del espectro autista?<\/h3>\n<h3 style=\"text-align: left;\">\u00bfQu\u00e9 emociones o reacciones tendr\u00e9 cuando los conozca?<\/h3>\n<p>[\/vc_column_text][\/vc_column_inner][vc_column_inner width=\u00bb1\/2&#8243;][vc_column_text]Queremos dar respuesta a estas y muchas m\u00e1s preguntas a trav\u00e9s de tu <strong>experiencia genuina<\/strong> conviviendo durante toda una jornada entera con nuestros chicos y chicas.<\/p>\n<p>Nos podr\u00e1s acompa\u00f1ar por todas las instalaciones. Podr\u00e1s conocer muchas de las actividades que a diario hacemos para que las personas con autismo y discapacidad intelectual tengan una <strong>vida activa<\/strong>. C\u00f3mo hacemos <strong>papel artesanal<\/strong> en nuestro taller adaptado. Incluso quiz\u00e1 hagamos una visita al <strong>huerto<\/strong> o la <strong>piscina<\/strong>.<\/p>\n<p>Te damos la posibilidad de que nos conozcas y puedas transmitirnos tu experiencia para ser los ojos de la sociedad y que cada vez podamos acercar m\u00e1s la <strong>diversidad del autismo<\/strong>. A menudo muy <strong>dura<\/strong>, pero con una cara muy <strong>agradecida<\/strong> a descubrir, escondida por el desconocimiento y el miedo a lo que no hemos explorado.[\/vc_column_text][\/vc_column_inner][\/vc_row_inner][\/vc_column][\/vc_row][vc_row full_width=\u00bbstretch_row\u00bb bg_type=\u00bbbg_color\u00bb bg_color_value=\u00bb#ffffff\u00bb][vc_column][vc_row_inner][vc_column_inner][vc_column_text css=\u00bb.vc_custom_1701170381491{margin-top: 40px !important;}\u00bb]<\/p>\n<h2 style=\"text-align: center;\">\u00abEls Catarres\u00bb, nuestros primeros invitados<\/h2>\n<p>[\/vc_column_text][\/vc_column_inner][\/vc_row_inner][vc_video link=\u00bbhttps:\/\/youtu.be\/rep4-Ph0vZg\u00bb align=\u00bbcenter\u00bb css=\u00bb.vc_custom_1694777089806{border-bottom-width: 100px !important;}\u00bb][vc_column_text]<\/p>\n<p>[\/vc_column_text][vc_column_text]<\/p>\n<h3 style=\"text-align: center;\">Jan, \u00c8ric y Roser, \u00abels Catarres\u00bb, nos visitaron.<\/h3>\n<h3 style=\"text-align: center;\">Por la ma\u00f1ana, llegaron a nuestros servicios para conocer de primera mano c\u00f3mo piensan, act\u00faan, trabajan, se relacionan&#8230; en definitiva, c\u00f3mo viven las personas con autismo con discapacidad intelectual asociada.<\/h3>\n<h3 style=\"text-align: center;\">Una jornada llena de emociones contradictorias, nervios, ternura y sensibilidad.<\/h3>\n<h3 style=\"text-align: center;\">Una visita que les lleg\u00f3 al coraz\u00f3n. Una jornada que los enterneci\u00f3 y al mismo tiempo&#8230;<\/h3>\n<h3 style=\"text-align: center;\">\u00bfTe gustar\u00eda vivir esta experiencia \u00fanica?<\/h3>\n<p>[\/vc_column_text][\/vc_column][\/vc_row][vc_row full_width=\u00bbstretch_row\u00bb bg_type=\u00bbbg_color\u00bb bg_color_value=\u00bb#ffffff\u00bb][vc_column][vc_row_inner][vc_column_inner][vc_column_text css=\u00bb.vc_custom_1711535254967{margin-top: 40px !important;}\u00bb]<\/p>\n<h2 style=\"text-align: center;\">Una ma\u00f1ana con el cine Alhambra<\/h2>\n<p>[\/vc_column_text][\/vc_column_inner][\/vc_row_inner][vc_video link=\u00bbhttps:\/\/youtu.be\/2zSEW8eKBGE?feature=shared\u00bb align=\u00bbcenter\u00bb css=\u00bb.vc_custom_1711535269233{border-bottom-width: 100px !important;}\u00bb][vc_column_text]<\/p>\n<p>[\/vc_column_text][vc_column_text]<\/p>\n<h3 style=\"text-align: center;\">Josep Maria, Oriol y Laia, del cine Alhambra de la Garriga, nos visitaron.<\/h3>\n<h3 style=\"text-align: center;\">Por la ma\u00f1ana, los tres, llegaron a los servicios de Autisme la Garriga para conocer de primera c\u00f3mo viven las personas con autismo con discapacidad intelectual asociada.<\/h3>\n<h3 style=\"text-align: center;\">Estuvieron una jornada completa, llena de emociones contradictorias, nervios, ternura y sensibilidad. Una experiencia extraordinaria para ellos.<\/h3>\n<h3 style=\"text-align: center;\">Vivieron de primera mano las tareas que llevan a cabo, realizaron una escapada a la Garriga a hacer un peque\u00f1o aperitivo y, a continuaci\u00f3n, disfrutaron de una sesi\u00f3n en el cine Alhambra.<\/h3>\n<h3 style=\"text-align: center;\">Una visita que les lleg\u00f3 al coraz\u00f3n. Una jornada que les conmovi\u00f3 y al mismo tiempo emocion\u00f3.<\/h3>\n<p>[\/vc_column_text][\/vc_column][\/vc_row][vc_row full_width=\u00bbstretch_row\u00bb bg_type=\u00bbbg_color\u00bb bg_color_value=\u00bb#ffffff\u00bb][vc_column][vc_row_inner][vc_column_inner][vc_column_text css=\u00bb.vc_custom_1701170466969{margin-top: 40px !important;}\u00bb]<\/p>\n<h2 style=\"text-align: center;\">Y t\u00fa, \u00bfqu\u00e9 quieres hacer por nuestro proyecto?<\/h2>\n<p>[\/vc_column_text][\/vc_column_inner][\/vc_row_inner][\/vc_column][\/vc_row][vc_row full_width=\u00bbstretch_row\u00bb bg_type=\u00bbbg_color\u00bb bg_color_value=\u00bb#ffffff\u00bb][vc_column width=\u00bb1\/4&#8243; el_id=\u00bbven\u00bb][vc_single_image image=\u00bb51838&#8243; img_size=\u00bbmedium\u00bb alignment=\u00bbcenter\u00bb][vc_column_text]<\/p>\n<h3 style=\"text-align: center;\">Ven a visitarnos<\/h3>\n<p style=\"text-align: center;\">Si desconoces esta realidad y quieres colaborar y no sabes c\u00f3mo, puedes visitarnos. Una vez que conozcas nuestro d\u00eda a d\u00eda, quiz\u00e1s encuentres una forma de colaborar con nosotros y <strong>enriquecerte a\u00fan m\u00e1s como persona<\/strong>.<\/p>\n<p>[\/vc_column_text]<style type=\"text\/css\" data-type=\"the7_shortcodes-inline-css\">#default-btn-caa1691b3f61d7bb3482708391de2b58.ico-right-side > i {\n  margin-right: 0px;\n  margin-left: 8px;\n}\n#default-btn-caa1691b3f61d7bb3482708391de2b58 > i {\n  margin-right: 8px;\n}<\/style><div class=\"btn-align-center\"><a href=\"https:\/\/www.autisme.com\/es\/ven\/#formulario\" class=\"default-btn-shortcode dt-btn dt-btn-m link-hover-off \" target=\"_blank\" id=\"default-btn-caa1691b3f61d7bb3482708391de2b58\" rel=\"noopener\"><span>+ INFORMACI\u00d3N<\/span><\/a><\/div>[\/vc_column][vc_column width=\u00bb1\/4&#8243; el_id=\u00bbjardineria\u00bb][vc_single_image image=\u00bb51847&#8243; img_size=\u00bbmedium\u00bb alignment=\u00bbcenter\u00bb][vc_column_text]<\/p>\n<h3 style=\"text-align: center;\">\u00bfTe gustan los espacios verdes?<\/h3>\n<p style=\"text-align: center;\">\u00bfTe gusta la <strong>jardiner\u00eda<\/strong>? Puedes ayudarnos a mantener unos bonitos espacios exteriores.<\/p>\n<p>[\/vc_column_text]<style type=\"text\/css\" data-type=\"the7_shortcodes-inline-css\">#default-btn-e3213cd74f940bec0f85c9e3e31e9a5f.ico-right-side > i {\n  margin-right: 0px;\n  margin-left: 8px;\n}\n#default-btn-e3213cd74f940bec0f85c9e3e31e9a5f > i {\n  margin-right: 8px;\n}<\/style><div class=\"btn-align-center\"><a href=\"https:\/\/www.autisme.com\/es\/jardineria\/\" class=\"default-btn-shortcode dt-btn dt-btn-m link-hover-off \" target=\"_blank\" id=\"default-btn-e3213cd74f940bec0f85c9e3e31e9a5f\" rel=\"noopener\"><span>+ INFORMACI\u00d3N<\/span><\/a><\/div>[\/vc_column][vc_column width=\u00bb1\/4&#8243; el_id=\u00bbproductos\u00bb][vc_single_image image=\u00bb51886&#8243; img_size=\u00bbmedium\u00bb alignment=\u00bbcenter\u00bb onclick=\u00bbcustom_link\u00bb img_link_target=\u00bb_blank\u00bb link=\u00bbhttps:\/\/www.autisme.com\/productes-artesanals\/\u00bb][vc_column_text]<\/p>\n<h3 style=\"text-align: center;\">\u00bfNo sabes qu\u00e9 regalar?<\/h3>\n<p style=\"text-align: center;\">Compra nuestros productos, hechos por personas con autismo, <strong>artesanales<\/strong> y de <strong>excelente calidad<\/strong>.<\/p>\n<p>[\/vc_column_text]<style type=\"text\/css\" data-type=\"the7_shortcodes-inline-css\">#default-btn-e49a276e8c93302e46a0d604394ebd31.ico-right-side > i {\n  margin-right: 0px;\n  margin-left: 8px;\n}\n#default-btn-e49a276e8c93302e46a0d604394ebd31 > i {\n  margin-right: 8px;\n}<\/style><div class=\"btn-align-center\"><a href=\"https:\/\/www.autisme.com\/es\/productos-artesanales\" class=\"default-btn-shortcode dt-btn dt-btn-m link-hover-off \" target=\"_blank\" id=\"default-btn-e49a276e8c93302e46a0d604394ebd31\" rel=\"noopener\"><span>+ INFORMACI\u00d3N<\/span><\/a><\/div>[\/vc_column][vc_column width=\u00bb1\/4&#8243; el_id=\u00bbdonativos\u00bb][vc_single_image image=\u00bb51892&#8243; img_size=\u00bbmedium\u00bb alignment=\u00bbcenter\u00bb onclick=\u00bbcustom_link\u00bb img_link_target=\u00bb_blank\u00bb link=\u00bbhttps:\/\/autismelagarriga.helpbysc.com\/\u00bb][vc_column_text]<\/p>\n<p style=\"text-align: center;\"><strong>Haz un donativo<\/strong><\/p>\n<p style=\"text-align: center;\">Tu donativo ser\u00e1 canalizado a trav\u00e9s de <strong>APAFAC\u00a0<\/strong>que forma parte del proyecto\u00a0<strong>autismo la garriga<\/strong>.<\/p>\n<p>[\/vc_column_text]<style type=\"text\/css\" data-type=\"the7_shortcodes-inline-css\">#default-btn-6517fa4ab2c67819ed8cc3de861fc8c9.ico-right-side > i {\n  margin-right: 0px;\n  margin-left: 8px;\n}\n#default-btn-6517fa4ab2c67819ed8cc3de861fc8c9 > i {\n  margin-right: 8px;\n}<\/style><div class=\"btn-align-center\"><a href=\"https:\/\/www.autisme.com\/es\/colabora\/#fes-un-donatiu\" class=\"default-btn-shortcode dt-btn dt-btn-m link-hover-off \" target=\"_blank\" id=\"default-btn-6517fa4ab2c67819ed8cc3de861fc8c9\" rel=\"noopener\"><span>HAZ DANATIVO<\/span><\/a><\/div>[\/vc_column][\/vc_row][vc_row full_width=\u00bbstretch_row\u00bb bg_type=\u00bbbg_color\u00bb bg_color_value=\u00bb#ffffff\u00bb][vc_column width=\u00bb1\/4&#8243; el_id=\u00bbcreatividad\u00bb][vc_single_image image=\u00bb51861&#8243; img_size=\u00bbmedium\u00bb alignment=\u00bbcenter\u00bb][vc_column_text]<\/p>\n<h3 style=\"text-align: center;\">\u00bfEres creativo?<\/h3>\n<p style=\"text-align: center;\">\u00bfEres creativo y te gustan las <strong>manualidades<\/strong>? En el taller de papel reciclado puedes ayudar a las personas con autismo a terminar productos artesanales muy bonitos, que ayudan a difundir el trabajo que realizan en su d\u00eda a d\u00eda.<\/p>\n<p>[\/vc_column_text]<style type=\"text\/css\" data-type=\"the7_shortcodes-inline-css\">#default-btn-19792ab168ea45418ef94b4d8f2cde52.ico-right-side > i {\n  margin-right: 0px;\n  margin-left: 8px;\n}\n#default-btn-19792ab168ea45418ef94b4d8f2cde52 > i {\n  margin-right: 8px;\n}<\/style><div class=\"btn-align-center\"><a href=\"https:\/\/www.autisme.com\/es\/creatividad\/\" class=\"default-btn-shortcode dt-btn dt-btn-m link-hover-off \" target=\"_blank\" id=\"default-btn-19792ab168ea45418ef94b4d8f2cde52\" rel=\"noopener\"><span>+ INFORMACI\u00d3N<\/span><\/a><\/div>[\/vc_column][vc_column width=\u00bb1\/4&#8243; el_id=\u00bbhuerta\u00bb][vc_single_image image=\u00bb51850&#8243; img_size=\u00bbmedium\u00bb alignment=\u00bbcenter\u00bb][vc_column_text]<\/p>\n<h3 style=\"text-align: center;\">\u00bfQu\u00e9 te parece el Km 0?<\/h3>\n<p style=\"text-align: center;\">Si te gustan las frutas y verduras frescas y de Km 0, puedes colaborar en el cuidado de nuestro <strong>huerto<\/strong>.<\/p>\n<p>[\/vc_column_text]<style type=\"text\/css\" data-type=\"the7_shortcodes-inline-css\">#default-btn-8d64ec454e70e0aa243b138eae22795e.ico-right-side > i {\n  margin-right: 0px;\n  margin-left: 8px;\n}\n#default-btn-8d64ec454e70e0aa243b138eae22795e > i {\n  margin-right: 8px;\n}<\/style><div class=\"btn-align-center\"><a href=\"https:\/\/www.autisme.com\/es\/huerta\" class=\"default-btn-shortcode dt-btn dt-btn-m link-hover-off \" target=\"_blank\" id=\"default-btn-8d64ec454e70e0aa243b138eae22795e\" rel=\"noopener\"><span>+ INFORMACI\u00d3N<\/span><\/a><\/div>[\/vc_column][vc_column width=\u00bb1\/4&#8243; el_id=\u00bbmusica\u00bb][vc_single_image image=\u00bb51853&#8243; img_size=\u00bbmedium\u00bb alignment=\u00bbcenter\u00bb][vc_column_text]<\/p>\n<h3 style=\"text-align: center;\">\u00bfTe gusta la m\u00fasica?<\/h3>\n<p style=\"text-align: center;\">La m\u00fasica es un lenguaje universal y nos gusta mucho. \u00bfTe animas a dar un <strong>concierto en nuestras instalaciones<\/strong>?<\/p>\n<p>[\/vc_column_text]<style type=\"text\/css\" data-type=\"the7_shortcodes-inline-css\">#default-btn-13b1d427a646739b754bababd8ea9d8b.ico-right-side > i {\n  margin-right: 0px;\n  margin-left: 8px;\n}\n#default-btn-13b1d427a646739b754bababd8ea9d8b > i {\n  margin-right: 8px;\n}<\/style><div class=\"btn-align-center\"><a href=\"https:\/\/www.autisme.com\/es\/musica\" class=\"default-btn-shortcode dt-btn dt-btn-m link-hover-off \" target=\"_blank\" id=\"default-btn-13b1d427a646739b754bababd8ea9d8b\" rel=\"noopener\"><span>+ INFORMACI\u00d3N<\/span><\/a><\/div>[\/vc_column][vc_column width=\u00bb1\/4&#8243; el_id=\u00bbempresa\u00bb][vc_single_image image=\u00bb51841&#8243; img_size=\u00bbmedium\u00bb alignment=\u00bbcenter\u00bb][vc_column_text]<\/p>\n<h3 style=\"text-align: center;\">\u00bfQuieres cohesionar a tu equipo?<\/h3>\n<p style=\"text-align: center;\">\u00bfQuieres hacer algo distinto con tu equipo o compa\u00f1eros de <strong>empresa<\/strong>? Aqu\u00ed tienes las instalaciones y te proponemos actividades de <strong>teambuilding<\/strong>.<\/p>\n<p>[\/vc_column_text]<style type=\"text\/css\" data-type=\"the7_shortcodes-inline-css\">#default-btn-7e070d9ea0a361f0a1db369ad290c092.ico-right-side > i {\n  margin-right: 0px;\n  margin-left: 8px;\n}\n#default-btn-7e070d9ea0a361f0a1db369ad290c092 > i {\n  margin-right: 8px;\n}<\/style><div class=\"btn-align-center\"><a href=\"https:\/\/www.autisme.com\/es\/empresa\" class=\"default-btn-shortcode dt-btn dt-btn-m link-hover-off \" target=\"_blank\" id=\"default-btn-7e070d9ea0a361f0a1db369ad290c092\" rel=\"noopener\"><span>+ INFORMACI\u00d3N<\/span><\/a><\/div>[\/vc_column][\/vc_row][vc_row full_width=\u00bbstretch_row\u00bb bg_type=\u00bbbg_color\u00bb bg_color_value=\u00bb#ffffff\u00bb][vc_column width=\u00bb1\/4&#8243; el_id=\u00bbdeportes\u00bb][vc_single_image image=\u00bb51869&#8243; img_size=\u00bbmedium\u00bb alignment=\u00bbcenter\u00bb][vc_column_text]<\/p>\n<h3 style=\"text-align: center;\">\u00bfTe gusta el deporte?<\/h3>\n<p style=\"text-align: center;\">Si eres un apasionado del deporte de todo tipo, \u00bfqu\u00e9 crees organizar una <strong>carrera solidaria<\/strong>?<\/p>\n<p>[\/vc_column_text]<style type=\"text\/css\" data-type=\"the7_shortcodes-inline-css\">#default-btn-04504bf204f61d1c434c42900db10316.ico-right-side > i {\n  margin-right: 0px;\n  margin-left: 8px;\n}\n#default-btn-04504bf204f61d1c434c42900db10316 > i {\n  margin-right: 8px;\n}<\/style><div class=\"btn-align-center\"><a href=\"https:\/\/www.autisme.com\/es\/deporte\" class=\"default-btn-shortcode dt-btn dt-btn-m link-hover-off \" target=\"_blank\" id=\"default-btn-04504bf204f61d1c434c42900db10316\" rel=\"noopener\"><span>+ INFORMACI\u00d3N<\/span><\/a><\/div>[\/vc_column][vc_column width=\u00bb1\/4&#8243;][vc_single_image image=\u00bb51876&#8243; img_size=\u00bbmedium\u00bb alignment=\u00bbcenter\u00bb onclick=\u00bbcustom_link\u00bb img_link_target=\u00bb_blank\u00bb link=\u00bbhttps:\/\/www.autisme.com\/collabora\/#testament-solidari\u00bb][vc_column_text]<\/p>\n<h3 style=\"text-align: center;\">Deja huella<\/h3>\n<p style=\"text-align: center;\">Tu <strong>legado<\/strong> o <strong>herencia<\/strong>, por peque\u00f1o que sea, contribuir\u00e1 a garantizar el futuro de las personas aqu\u00ed atendidas.<\/p>\n<p>[\/vc_column_text]<style type=\"text\/css\" data-type=\"the7_shortcodes-inline-css\">#default-btn-9dbc86ce6706998b625e749de5760d81.ico-right-side > i {\n  margin-right: 0px;\n  margin-left: 8px;\n}\n#default-btn-9dbc86ce6706998b625e749de5760d81 > i {\n  margin-right: 8px;\n}<\/style><div class=\"btn-align-center\"><a href=\"https:\/\/www.autisme.com\/es\/colabora\/#testament-solidari\" class=\"default-btn-shortcode dt-btn dt-btn-m link-hover-off \" target=\"_blank\" id=\"default-btn-9dbc86ce6706998b625e749de5760d81\" rel=\"noopener\"><span>+ INFORMACI\u00d3N<\/span><\/a><\/div>[\/vc_column][vc_column width=\u00bb1\/4&#8243; el_id=\u00bbestudiantes\u00bb][vc_single_image image=\u00bb51864&#8243; img_size=\u00bbmedium\u00bb alignment=\u00bbcenter\u00bb][vc_column_text]<\/p>\n<h3 style=\"text-align: center;\">\u00bfEres estudiante?<\/h3>\n<p style=\"text-align: center;\">Si eres estudiante, puedes plantearte hacer las <strong>pr\u00e1cticas<\/strong> con nosotros. Vivir\u00e1s una experiencia \u00fanica y te ayudar\u00e1 a <strong>formarte<\/strong> como persona y profesional.<\/p>\n<p>[\/vc_column_text]<style type=\"text\/css\" data-type=\"the7_shortcodes-inline-css\">#default-btn-d2dec21c650d7d53bcee0bd52ebf84fa.ico-right-side > i {\n  margin-right: 0px;\n  margin-left: 8px;\n}\n#default-btn-d2dec21c650d7d53bcee0bd52ebf84fa > i {\n  margin-right: 8px;\n}<\/style><div class=\"btn-align-center\"><a href=\"https:\/\/www.autisme.com\/es\/estudiante\" class=\"default-btn-shortcode dt-btn dt-btn-m link-hover-off \" target=\"_blank\" id=\"default-btn-d2dec21c650d7d53bcee0bd52ebf84fa\" rel=\"noopener\"><span>+ INFORMACI\u00d3N<\/span><\/a><\/div>[\/vc_column][vc_column width=\u00bb1\/4&#8243;][vc_single_image image=\u00bb51882&#8243; img_size=\u00bbmedium\u00bb alignment=\u00bbcenter\u00bb][vc_column_text]<\/p>\n<h3 style=\"text-align: center;\">Te escuchamos<\/h3>\n<p style=\"text-align: center;\">\u00bfTienes una <strong>propuesta<\/strong>? \u00a1Te escuchamos!<\/p>\n<p>[\/vc_column_text]<style type=\"text\/css\" data-type=\"the7_shortcodes-inline-css\">#default-btn-777c28efc9749aa097cf4f7b1cdea4e1.ico-right-side > i {\n  margin-right: 0px;\n  margin-left: 8px;\n}\n#default-btn-777c28efc9749aa097cf4f7b1cdea4e1 > i {\n  margin-right: 8px;\n}<\/style><div class=\"btn-align-center\"><a href=\"https:\/\/www.autisme.com\/es\/ven#formulario\" class=\"default-btn-shortcode dt-btn dt-btn-m link-hover-off \" target=\"_blank\" id=\"default-btn-777c28efc9749aa097cf4f7b1cdea4e1\" rel=\"noopener\"><span>+ INFORMACI\u00d3N<\/span><\/a><\/div>[\/vc_column][\/vc_row][vc_row el_id=\u00bbformulario\u00bb][vc_column][vc_empty_space height=\u00bb50px\u00bb][vc_column_text css=\u00bb\u00bb]<\/p>\n<h2>Formulario de participaci\u00f3n \/ colaboraci\u00f3n<\/h2>\n<p>[\/vc_column_text][vc_raw_html css=\u00bb\u00bb]JTNDc2NyaXB0JTIwdHlwZSUzRCUyMnRleHQlMkZqYXZhc2NyaXB0JTIyJTIwc3JjJTNEJTI3aHR0cHMlM0ElMkYlMkZhdXRpc21lLnNpbmVyZ2lhY3JtLm9yZyUyRmNhY2hlJTJGaW5jbHVkZSUyRmphdmFzY3JpcHQlMkZzdWdhcl9ncnAxLmpzJTNGdiUzRDdXRlpuTUdid1FQUVotc3hkblhSbVElMjclM0UlM0MlMkZzY3JpcHQlM0UlMEElM0Nmb3JtJTIwaWQlM0QlMjJXZWJUb0xlYWRGb3JtJTIyJTIwYWN0aW9uJTNEJTIyaHR0cHMlM0ElMkYlMkZhdXRpc21lLnNpbmVyZ2lhY3JtLm9yZyUyRmluZGV4LnBocCUzRmVudHJ5UG9pbnQlM0RzdGljX1dlYl9Gb3Jtc19zYXZlUmVjYXB0Y2hhJTIyJTIwbWV0aG9kJTNEJTIyUE9TVCUyMiUyMG5hbWUlM0QlMjJXZWJUb0xlYWRGb3JtJTIyJTNFJTBBJTBBJTNDZGl2JTIwY2xhc3MlM0QlMjJyb3clMjIlM0UlMEElM0NkaXYlMjBjbGFzcyUzRCUyMmNvbCUyMiUzRSUzQ2xhYmVsJTNFTm9tYnJlJTNBJTIwJTNDJTJGbGFiZWwlM0UlM0NpbnB1dCUyMG5hbWUlM0QlMjJmaXJzdF9uYW1lJTIyJTIwaWQlM0QlMjJmaXJzdF9uYW1lJTIyJTIwdHlwZSUzRCUyMnRleHQlMjIlMjAlMkYlM0UlM0MlMkZkaXYlM0UlMEElM0NkaXYlMjBjbGFzcyUzRCUyMmNvbCUyMiUzRSVDMiVBMCUzQyUyRmRpdiUzRSUwQSUzQ2RpdiUyMGNsYXNzJTNEJTIyY2xlYXIlMjIlM0UlQzIlQTAlM0MlMkZkaXYlM0UlMEElM0MlMkZkaXYlM0UlMEElM0NkaXYlMjBjbGFzcyUzRCUyMnJvdyUyMiUzRSUwQSUzQ2RpdiUyMGNsYXNzJTNEJTIyY29sJTIyJTNFJTNDbGFiZWwlM0VBcGVsbGlkb3MlMjAlM0NzcGFuJTIwY2xhc3MlM0QlMjJyZXF1aXJlZCUyMiUzRSUyOG9ibGlnYXRvcmlvJTI5JTNBJTIwJTNDJTJGc3BhbiUzRSUzQyUyRmxhYmVsJTNFJTNDaW5wdXQlMjBuYW1lJTNEJTIybGFzdF9uYW1lJTIyJTIwaWQlM0QlMjJsYXN0X25hbWUlMjIlMjB0eXBlJTNEJTIydGV4dCUyMiUyMHJlcXVpcmVkJTNEJTIyJTIyJTIwJTJGJTNFJTNDJTJGZGl2JTNFJTBBJTNDZGl2JTIwY2xhc3MlM0QlMjJjb2wlMjIlM0UlQzIlQTAlM0MlMkZkaXYlM0UlMEElM0NkaXYlMjBjbGFzcyUzRCUyMmNsZWFyJTIyJTNFJUMyJUEwJTNDJTJGZGl2JTNFJTBBJTNDJTJGZGl2JTNFJTBBJTNDZGl2JTIwY2xhc3MlM0QlMjJyb3clMjIlM0UlMEElM0NkaXYlMjBjbGFzcyUzRCUyMmNvbCUyMiUzRSUzQ2xhYmVsJTNFRGlyZWNjaSVDMyVCM24lMjBkZSUyMGNvcnJlbyUyMGVsZWN0ciVDMyVCM25pY28lMjAlM0NzcGFuJTIwY2xhc3MlM0QlMjJyZXF1aXJlZCUyMiUzRSUyOG9ibGlnYXRvcmlvJTI5JTNBJTIwJTNDJTJGc3BhbiUzRSUzQyUyRmxhYmVsJTNFJTNDaW5wdXQlMjBuYW1lJTNEJTIyZW1haWwxJTIyJTIwaWQlM0QlMjJlbWFpbDElMjIlMjB0eXBlJTNEJTIyZW1haWwlMjIlMjByZXF1aXJlZCUzRCUyMiUyMiUyMCUyRiUzRSUzQyUyRmRpdiUzRSUwQSUzQ2RpdiUyMGNsYXNzJTNEJTIyY29sJTIyJTNFJUMyJUEwJTNDJTJGZGl2JTNFJTBBJTNDZGl2JTIwY2xhc3MlM0QlMjJjbGVhciUyMiUzRSVDMiVBMCUzQyUyRmRpdiUzRSUwQSUzQyUyRmRpdiUzRSUwQSUzQ2RpdiUyMGNsYXNzJTNEJTIycm93JTIyJTNFJTBBJTNDZGl2JTIwY2xhc3MlM0QlMjJjb2wlMjIlM0UlM0NsYWJlbCUzRVN1JTIwbWVuc2FqZSUzQSUyMCUzQyUyRmxhYmVsJTNFJTBBJTNDc3BhbiUyMGNsYXNzJTNEJTIyc3VnYXJzbG90JTIyJTNFJTBBJTNDdGV4dGFyZWElMjBzdHlsZSUzRCUyMndpZHRoJTNBJTIwMTAwJTI1JTIyJTIwbmFtZSUzRCUyMmRlc2NyaXB0aW9uJTIyJTIwaWQlM0QlMjJkZXNjcmlwdGlvbiUyMiUyRiUzRSUzQyUyRnRleHRhcmVhJTNFJTNDJTJGc3BhbiUzRSUzQyUyRmRpdiUzRSUwQSUzQ2RpdiUyMGNsYXNzJTNEJTIyY29sJTIyJTNFJUMyJUEwJTNDJTJGZGl2JTNFJTBBJTNDZGl2JTIwY2xhc3MlM0QlMjJjbGVhciUyMiUzRSVDMiVBMCUzQyUyRmRpdiUzRSUwQSUzQyUyRmRpdiUzRSUwQSUwQSUzQ3AlM0UlM0NzcGFuJTNFUGFyYSUyMGVudmlhciUyMGVsJTIwbWVuc2FqZSUyMGRlYmUlMjBsZWVyJTIweSUyMGFjZXB0YXIlMjBsYSUyMCUzQ2ElMjBocmVmJTNEJTIyaHR0cHMlM0ElMkYlMkZ3d3cuYXV0aXNtZS5jb20lMkZwb2xpdGljYS1kZS1wcml2YWNpdGF0JTIyJTIwdGFyZ2V0JTNEJTIyX2JsYW5rJTIyJTNFcG9sJUMzJUFEdGljYSUyMGRlJTIwcHJpdmFjaWRhZCUzQyUyRmElM0UlMjBkZSUyMCUzQ2IlM0VhdXRpc21lJTIwbGElMjBnYXJyaWdhJTNDJTJGYiUzRS4lMjBMYSUyMGNvbXVuaWNhY2klQzMlQjNuJTIwZW52aWFkYSUyMHNlciVDMyVBMSUyMG9iamV0byUyMGRlJTIwdHJhdGFtaWVudG8lMjBwb3IlMjBwYXJ0ZSUyMGRlJTIwJTNDYiUzRWF1dGlzbWUlMjBsYSUyMGdhcnJpZ2ElM0MlMkZiJTNFLiUyMEVzdGElMjBjb211bmljYWNpJUMzJUIzbiUyMHNlJTIwdXRpbGl6YXIlQzMlQTElMjBleGNsdXNpdmFtZW50ZSUyMHBhcmElMjB0cmF0YXIlMjBzdXMlMjBkYXRvcyUyMHBhcmElMjBhdGVuZGVyJTIwc3UlMjBzb2xpY2l0dWQlMkMlMjBzaWVtcHJlJTIwZGUlMjBjb25mb3JtaWRhZCUyMGNvbiUyMGVsJTIwUmVnbGFtZW50byUyMCUyOFVFJTI5JTIwMjAxNiUyRjY3OSUyMGRlJTIwMjclMjBkZSUyMGFicmlsJTIwZGUlMjAyMDE2JTIwJTI4UkdQRCUyOSUyQyUyMGxhJTIwTGV5JTIwT3JnJUMzJUExbmljYSUyMDMlMkYyMDE4JTIwZGUlMjA1JTIwZGUlMjBkaWNpZW1icmUlMjAlMjhMT1BER0REJTI5JTIweSUyMGRlbSVDMyVBMXMlMjBub3JtYXRpdmElMjBsZWdhbCUyMHZpZ2VudGUlMjBlbiUyMG1hdGVyaWElMjBkZSUyMHByb3RlY2NpJUMzJUIzbiUyMGRlJTIwZGF0b3MlMjBwZXJzb25hbGVzJTIwc29icmUlMjBwcm90ZWNjaSVDMyVCM24lMjBkZSUyMGRhdG9zLiUyMFN1cyUyMGRhdG9zJTIwbm8lMjBzZSUyMGNvbXVuaWNhciVDMyVBMW4lMjBhJTIwdGVyY2Vyb3MlMkMlMjBzYWx2byUyMHBvciUyMG9ibGlnYWNpJUMzJUIzbiUyMGxlZ2FsJTJDJTIwbWFudGVuaSVDMyVBOW5kb3NlJTIwbWllbnRyYXMlMjBubyUyMHNvbGljaXRlJTIwc3UlMjBjYW5jZWxhY2klQzMlQjNuLiUyMEVuJTIwY3VhbHF1aWVyJTIwbW9tZW50byUyMHVzdGVkJTIwcG9kciVDMyVBMSUyMGVqZXJjZXIlMjBsb3MlMjBkZXJlY2hvcyUyMGRlJTIwYWNjZXNvJTJDJTIwcmVjdGlmaWNhY2klQzMlQjNuJTJDJTIwcG9ydGFiaWxpZGFkJTIweSUyMG9wb3NpY2klQzMlQjNuJTJDJTIweSUyQyUyMGVuJTIwc3UlMjBjYXNvJTJDJTIwbGElMjBsaW1pdGFjaSVDMyVCM24lMjB5JTIwY2FuY2VsYWNpJUMzJUIzbiUyQyUyMGNvbXVuaWMlQzMlQTFuZG9sbyUyMHBvciUyMGVzY3JpdG8lMkMlMjBpbmRpY2FuZG8lMjBzdXMlMjBkYXRvcyUyMHBlcnNvbmFsZXMlMjBlbiUyMGxhJTIwUm9uZGElMjBkZWwlMjBDYXJyaWwlMkMlMjA3NSUyMCUyQyUyMDA4NTMwJTIwbGElMjBHYXJyaWdhJTIwbyUyMG1lZGlhbnRlJTIwZWwlMjBlbnYlQzMlQURvJTIwZGUlMjB1biUyMGNvcnJlbyUyMGVsZWN0ciVDMyVCM25pY28lMjBhJTIwYXV0aXNtZWxhZ2FycmlnYSU0MGF1dGlzbWUuY29tLiUzQyUyRnNwYW4lM0UlM0MlMkZwJTNFJTBBJTNDcCUzRSUzQ3NwYW4lM0UlMEFIZSUyMGxlJUMzJUFEZG8lMjB5JTIwYWNlcHRvJTIwbGElMjAlM0NhJTIwaHJlZiUzRCUyMmh0dHBzJTNBJTJGJTJGd3d3LmF1dGlzbWUuY29tJTJGZXMlMkZwb2xpdGljYS1kZS1wcml2YWNpZGFkJTJGJTIyJTIwdGFyZ2V0JTNEJTIyX2JsYW5rJTIyJTNFcG9sJUMzJUFEdGljYSUyMGRlJTIwcHJpdmFjaWRhZCUzQyUyRmElM0UlMjBkZSUyMCUzQ2IlM0VhdXRpc21lJTIwbGElMjBnYXJyaWdhJTNDJTJGYiUzRS4lM0MlMkZzcGFuJTNFJTNDJTJGcCUzRSUwQSUwQSUzQ2RpdiUyMGNsYXNzJTNEJTIycm93JTIyJTNFJTBBJTNDZGl2JTIwY2xhc3MlM0QlMjJjb2wlMjIlM0UlMEElM0NsYWJlbCUzRUFjZXB0byUyMHBvbCVDMyVBRHRpY2ElMjBkZSUyMHByaXZhY2lkYWQlMjAlM0NzcGFuJTIwY2xhc3MlM0QlMjJyZXF1aXJlZCUyMiUzRSUzQ3N0cm9uZyUzRSUyOG9ibGlnYXRvcmlvJTI5JTNDJTJGc3Ryb25nJTNFJTNDJTJGc3BhbiUzRSUzQyUyRmxhYmVsJTNFJTBBJTNDaW5wdXQlMjBuYW1lJTNEJTIyYXBhZmFjX2FjY2VwdG9fcG9sX3ByaXZhZGVzYV9jJTIyJTIwaWQlM0QlMjJhcGFmYWNfYWNjZXB0b19wb2xfcHJpdmFkZXNhX2MlMjIlMjB0eXBlJTNEJTIyY2hlY2tib3glMjIlMjByZXF1aXJlZCUzRCUyMiUyMiUyMCUyRiUzRSUwQSUzQyUyRmRpdiUzRSUwQSUzQ2RpdiUyMGNsYXNzJTNEJTIyY29sJTIyJTNFJUMyJUEwJTNDJTJGZGl2JTNFJTBBJTNDZGl2JTIwY2xhc3MlM0QlMjJjbGVhciUyMiUzRSVDMiVBMCUzQyUyRmRpdiUzRSUwQSUzQyUyRmRpdiUzRSUwQSUzQ2RpdiUyMGNsYXNzJTNEJTIycm93JTIyJTNFJTBBJTNDZGl2JTIwY2xhc3MlM0QlMjJjb2wlMjIlM0UlMEElM0NsYWJlbCUzRVF1aWVybyUyMHJlY2liaXIlMjBtJUMzJUExcyUyMGluZm9ybWFjaSVDMyVCM24lMjBkZSUyMCUzQ2IlM0VhdXRpc21lJTIwbGElMjBnYXJyaWdhJTNDJTJGYiUzRSUzQSUyMCUzQyUyRmxhYmVsJTNFJTBBJTNDaW5wdXQlMjBuYW1lJTNEJTIyYXBhZmFjX3Z1bGxfaW5mb19jJTIyJTIwaWQlM0QlMjJhcGFmYWNfdnVsbF9pbmZvX2MlMjIlMjB0eXBlJTNEJTIyY2hlY2tib3glMjIlMjAlMkYlM0UlMEElM0MlMkZkaXYlM0UlMEElM0NkaXYlMjBjbGFzcyUzRCUyMmNvbCUyMiUzRSVDMiVBMCUzQyUyRmRpdiUzRSUwQSUzQ2RpdiUyMGNsYXNzJTNEJTIyY2xlYXIlMjIlM0UlQzIlQTAlM0MlMkZkaXYlM0UlMEElM0MlMkZkaXYlM0UlMEElM0NkaXYlMjBjbGFzcyUzRCUyMnJvdyUyMGNlbnRlciUyMGJ1dHRvbnMlMjIlM0UlM0NpbnB1dCUyMGNsYXNzJTNEJTIyYnV0dG9uJTIyJTIwbmFtZSUzRCUyMlN1Ym1pdCUyMiUyMHR5cGUlM0QlMjJzdWJtaXQlMjIlMjB2YWx1ZSUzRCUyMkVudmlhJTIyJTIwb25jbGljayUzRCUyMnN1Ym1pdF9mb3JtJTI4JTI5JTNCJTIyJTIwJTJGJTNFJTBBJTNDZGl2JTIwY2xhc3MlM0QlMjJjbGVhciUyMiUzRSVDMiVBMCUzQyUyRmRpdiUzRSUwQSUzQyUyRmRpdiUzRSUwQSUzQ2lucHV0JTIwaWQlM0QlMjJhcGFmYWNfZGFycmVyX2NfYWRxdWlzaWNpb19jJTIyJTIwdHlwZSUzRCUyMmhpZGRlbiUyMiUyMG5hbWUlM0QlMjJhcGFmYWNfZGFycmVyX2NfYWRxdWlzaWNpb19jJTIyJTIwdmFsdWUlM0QlMjJ3d3cuYXV0aXNtZS5jb20lMjIlMjAlMkYlM0UlMEElM0NpbnB1dCUyMG5hbWUlM0QlMjJjYW1wYWlnbl9pZCUyMiUyMGlkJTNEJTIyY2FtcGFpZ25faWQlMjIlMjB0eXBlJTNEJTIyaGlkZGVuJTIyJTIwdmFsdWUlM0QlMjI0Yzc1ZTUxMy0wYjM1LWI5NzUtMDQxNy02NjQyMGM0ZWEzY2QlMjIlMjAlMkYlM0UlMjAlMEElM0NpbnB1dCUyMG5hbWUlM0QlMjJyZWRpcmVjdF91cmwlMjIlMjBpZCUzRCUyMnJlZGlyZWN0X3VybCUyMiUyMHR5cGUlM0QlMjJoaWRkZW4lMjIlMjB2YWx1ZSUzRCUyMmh0dHBzJTNBJTJGJTJGYXV0aXNtZS5jb20lMkZvayUyMiUyMCUyRiUzRSUyMCUwQSUzQ2lucHV0JTIwbmFtZSUzRCUyMmFzc2lnbmVkX3VzZXJfaWQlMjIlMjBpZCUzRCUyMmFzc2lnbmVkX3VzZXJfaWQlMjIlMjB0eXBlJTNEJTIyaGlkZGVuJTIyJTIwdmFsdWUlM0QlMjIzOWM3N2ViYi00MDcxLTcyNTgtYjZmMi02NGZiMjQ4ZmJjMzUlMjIlMjAlMkYlM0UlMjAlMEElM0NpbnB1dCUyMG5hbWUlM0QlMjJtb2R1bGVEaXIlMjIlMjBpZCUzRCUyMm1vZHVsZURpciUyMiUyMHR5cGUlM0QlMjJoaWRkZW4lMjIlMjB2YWx1ZSUzRCUyMkNvbnRhY3RzJTIyJTIwJTJGJTNFJTBBJTNDaW5wdXQlMjB0eXBlJTNEJTIyaGlkZGVuJTIyJTIwaWQlM0QlMjJyZWRpcmVjdF9rb191cmwlMjIlMjBuYW1lJTNEJTIycmVkaXJlY3Rfa29fdXJsJTIyJTIwdmFsdWUlM0QlMjJodHRwcyUzQSUyRiUyRnd3dy5hdXRpc21lLmNvbSUyRmtvJTIyJTIwJTJGJTNFJTBBJTNDaW5wdXQlMjBuYW1lJTNEJTIyc3RpYy1yZWNhcHRjaGEtaWQlMjIlMjBpZCUzRCUyMnN0aWMtcmVjYXB0Y2hhLWlkJTIyJTIwdHlwZSUzRCUyMmhpZGRlbiUyMiUyMHZhbHVlJTNEJTIyQVVUSVNNRSUyMiUyMCUyRiUzRSUwQSUzQyUyRmZvcm0lM0UlMEElM0NzY3JpcHQlMjBzcmMlM0QlMjJodHRwcyUzQSUyRiUyRnd3dy5nb29nbGUuY29tJTJGcmVjYXB0Y2hhJTJGYXBpLmpzJTNGcmVuZGVyJTNENkxkQTI1NHBBQUFBQUItR1pNaDFPZ0lKTWFQZWZSQjNVd2tSRC1TNyUyMiUzRSUzQyUyRnNjcmlwdCUzRSUwQSUzQ3NjcmlwdCUyMHR5cGUlM0QlMjJ0ZXh0JTJGamF2YXNjcmlwdCUyMiUzRSUwQSUwQSUyMCUyMCUyMCUyMCUyRiUyRiUyMFNUSUMtY3VzdG9tJTIwMjAyMTExMjIlMjAtJTIwamNoJTIwLSUyMEF2b2lkJTIwbXVsdGlwbGUlMjBzdWJtaXNzaW9uJTBBJTIwJTIwJTIwJTIwJTJGJTJGJTIwU1RJQyUyMzQ4OSUwQSUyMCUyMCUyMCUyMHZhciUyMGZvcm1IYXNBbHJlYWR5QmVlblNlbnQlMjAlM0QlMjBmYWxzZSUzQiUwQSUyMCUyMCUyMCUyMCUyRiUyQSUyQSUwQSUyMCUyMCUyMCUyMCUyMCUyQSUyMFByZXZlbnQlMjBtdWx0aXBsZSUyMGZvcm0lMjBzdWJtaXNzaW9ucyUwQSUyMCUyMCUyMCUyMCUyMCUyQSUwQSUyMCUyMCUyMCUyMCUyMCUyQSUyMCU0MHJldHVybiUyMHZvaWQlMEElMjAlMjAlMjAlMjAlMjAlMkElMkYlMEElMjAlMjAlMjAlMjBmdW5jdGlvbiUyMGxvY2tNdWx0aXBsZVN1Ym1pc3Npb25zJTI4JTI5JTIwJTdCJTBBJTIwJTIwJTIwJTIwJTIwJTIwJTIwJTIwaWYlMjAlMjhmb3JtSGFzQWxyZWFkeUJlZW5TZW50JTI5JTIwJTdCJTBBJTIwJTIwJTIwJTIwJTIwJTIwJTIwJTIwJTIwJTIwJTIwJTIwY29uc29sZS5sb2clMjglMjJGb3JtJTIwaXMlMjBsb2NrZWQlMjBiZWNhdXNlJTIwaXQlMjBoYXMlMjBhbHJlYWR5JTIwYmVlbiUyMHNlbnQuJTIyJTI5JTNCJTBBJTIwJTIwJTIwJTIwJTIwJTIwJTIwJTIwJTIwJTIwJTIwJTIwZXZlbnQucHJldmVudERlZmF1bHQlMjglMjklM0IlMEElMjAlMjAlMjAlMjAlMjAlMjAlMjAlMjAlN0QlMEElMjAlMjAlMjAlMjAlMjAlMjAlMjAlMjBmb3JtSGFzQWxyZWFkeUJlZW5TZW50JTIwJTNEJTIwdHJ1ZSUzQiUwQSUyMCUyMCUyMCUyMCU3RCUyMCUyMCUyMCUyMCUyRiUyRiUyMEF0dGFjaCUyMGZ1bmN0aW9uJTIwdG8lMjBldmVudCUwQSUyMCUyMCUyMCUyMGRvY3VtZW50LmdldEVsZW1lbnRCeUlkJTI4JTIyV2ViVG9MZWFkRm9ybSUyMiUyOS5hZGRFdmVudExpc3RlbmVyJTI4JTIyc3VibWl0JTIyJTJDJTIwcHJlcGFyZUNhcHRjaGElMjklM0IlMEElMEElMjAlMjAlMjAlMjBmdW5jdGlvbiUyMHByZXBhcmVDYXB0Y2hhJTI4JTI5JTIwJTdCJTBBJTIwJTIwJTIwJTIwJTIwJTIwJTIwJTIwZXZlbnQucHJldmVudERlZmF1bHQlMjglMjklM0IlMEElMjAlMjAlMjAlMjAlMjAlMjAlMjAlMjBncmVjYXB0Y2hhLmV4ZWN1dGUlMjglMjI2TGRBMjU0cEFBQUFBQi1HWk1oMU9nSUpNYVBlZlJCM1V3a1JELVM3JTIyJTJDJTIwJTdCJTdEJTI5LnRoZW4lMjhmdW5jdGlvbiUyMCUyOHRva2VuJTI5JTIwJTdCJTBBJTIwJTIwJTIwJTIwJTIwJTIwJTIwJTIwJTIwJTIwJTIwJTIwJTJGJTJGJTIwQWdyZWdhbW9zJTIwZWwlMjB0b2tlbiUyMGFsJTIwY2FtcG8lMjBkZWwlMjBmb3JtdWxhcmlvJTBBJTIwJTIwJTIwJTIwJTIwJTIwJTIwJTIwJTIwJTIwJTIwJTIwY29uc3QlMjByZWNhcHRjaGFJbnB1dCUyMCUzRCUyMGRvY3VtZW50LmNyZWF0ZUVsZW1lbnQlMjglMjJpbnB1dCUyMiUyOSUzQiUwQSUyMCUyMCUyMCUyMCUyMCUyMCUyMCUyMCUyMCUyMCUyMCUyMHJlY2FwdGNoYUlucHV0LnR5cGUlMjAlM0QlMjAlMjJoaWRkZW4lMjIlM0IlMEElMjAlMjAlMjAlMjAlMjAlMjAlMjAlMjAlMjAlMjAlMjAlMjByZWNhcHRjaGFJbnB1dC5uYW1lJTIwJTNEJTIwJTIyZy1yZWNhcHRjaGEtcmVzcG9uc2UlMjIlM0IlMEElMjAlMjAlMjAlMjAlMjAlMjAlMjAlMjAlMjAlMjAlMjAlMjByZWNhcHRjaGFJbnB1dC52YWx1ZSUyMCUzRCUyMHRva2VuJTNCJTBBJTIwJTIwJTIwJTIwJTIwJTIwJTIwJTIwJTIwJTIwJTIwJTIwcmVjYXB0Y2hhRm9ybSUyMCUzRCUyMGRvY3VtZW50LnF1ZXJ5U2VsZWN0b3IlMjglMjIlMjNXZWJUb0xlYWRGb3JtJTIyJTI5JTNCJTBBJTIwJTIwJTIwJTIwJTIwJTIwJTIwJTIwJTIwJTIwJTIwJTIwcmVjYXB0Y2hhRm9ybS5hcHBlbmRDaGlsZCUyOHJlY2FwdGNoYUlucHV0JTI5JTNCJTBBJTIwJTIwJTIwJTIwJTIwJTIwJTIwJTIwJTIwJTIwJTIwJTIwcmVjYXB0Y2hhRm9ybS5zdWJtaXQlMjglMjklM0IlMEElMjAlMjAlMjAlMjAlMjAlMjAlMjAlMjAlN0QlMjklM0IlMEElMjAlMjAlMjAlMjAlN0QlMEElMjAlMjAlMjAlMjAlMkYlMkYlMjBFTkQlMjBTVElDLWN1c3RvbSUwQSUyMCUyMCUyMCUyMGZ1bmN0aW9uJTIwc3VibWl0X2Zvcm0lMjglMjklMjAlN0IlMEElMjAlMjAlMjAlMjAlMjAlMjAlMjAlMjBpZiUyMCUyOHR5cGVvZiUyOHZhbGlkYXRlQ2FwdGNoYUFuZFN1Ym1pdCUyOSUyMCUyMSUzRCUyMCUyMnVuZGVmaW5lZCUyMiUyOSUyMCU3QiUwQSUyMCUyMCUyMCUyMCUyMCUyMCUyMCUyMCUyMCUyMCUyMCUyMHZhbGlkYXRlQ2FwdGNoYUFuZFN1Ym1pdCUyOCUyOSUzQiUwQSUyMCUyMCUyMCUyMCUyMCUyMCUyMCUyMCU3RCUyMGVsc2UlMjAlN0IlMEElMjAlMjAlMjAlMjAlMjAlMjAlMjAlMjAlMjAlMjAlMjAlMjBjaGVja193ZWJ0b2xlYWRfZmllbGRzJTI4JTI5JTNCJTBBJTIwJTIwJTIwJTIwJTIwJTIwJTIwJTIwJTIwJTIwJTIwJTIwJTJGJTJGZG9jdW1lbnQuV2ViVG9MZWFkRm9ybS5zdWJtaXQlMjglMjklM0IlMEElMjAlMjAlMjAlMjAlMjAlMjAlMjAlMjAlN0QlMEElMjAlMjAlMjAlMjAlN0QlMEElMEElMjAlMjAlMjAlMjBmdW5jdGlvbiUyMGNoZWNrX3dlYnRvbGVhZF9maWVsZHMlMjglMjklMjAlN0IlMEElMjAlMjAlMjAlMjAlMjAlMjAlMjAlMjBpZiUyMCUyOGRvY3VtZW50LmdldEVsZW1lbnRCeUlkJTI4JTIyYm9vbF9pZCUyMiUyOSUyMCUyMSUzRCUyMG51bGwlMjklMjAlN0IlMEElMjAlMjAlMjAlMjAlMjAlMjAlMjAlMjAlMjAlMjAlMjAlMjB2YXIlMjByZXFzJTIwJTNEJTIwZG9jdW1lbnQuZ2V0RWxlbWVudEJ5SWQlMjglMjJib29sX2lkJTIyJTI5LnZhbHVlJTNCJTBBJTIwJTIwJTIwJTIwJTIwJTIwJTIwJTIwJTIwJTIwJTIwJTIwYm9vbHMlMjAlM0QlMjByZXFzLnN1YnN0cmluZyUyODAlMkMlMjByZXFzLmxhc3RJbmRleE9mJTI4JTIyJTNCJTIyJTI5JTI5JTNCJTBBJTIwJTIwJTIwJTIwJTIwJTIwJTIwJTIwJTIwJTIwJTIwJTIwdmFyJTIwYm9vbF9maWVsZHMlMjAlM0QlMjBuZXclMjBBcnJheSUyOCUyOSUzQiUwQSUyMCUyMCUyMCUyMCUyMCUyMCUyMCUyMCUyMCUyMCUyMCUyMHZhciUyMGJvb2xfZmllbGRzJTIwJTNEJTIwYm9vbHMuc3BsaXQlMjglMjIlM0IlMjIlMjklM0IlMEElMjAlMjAlMjAlMjAlMjAlMjAlMjAlMjAlMjAlMjAlMjAlMjBuYnJfZmllbGRzJTIwJTNEJTIwYm9vbF9maWVsZHMubGVuZ3RoJTNCJTBBJTIwJTIwJTIwJTIwJTIwJTIwJTIwJTIwJTIwJTIwJTIwJTIwZm9yJTIwJTI4dmFyJTIwaSUyMCUzRCUyMDAlM0IlMjBpJTIwJTNDJTIwbmJyX2ZpZWxkcyUzQiUyMGklMkIlMkIlMjklMjAlN0IlMEElMjAlMjAlMjAlMjAlMjAlMjAlMjAlMjAlMjAlMjAlMjAlMjAlMjAlMjAlMjAlMjBpZiUyMCUyOGRvY3VtZW50LmdldEVsZW1lbnRCeUlkJTI4Ym9vbF9maWVsZHMlNUJpJTVEJTI5LnZhbHVlJTIwJTNEJTNEJTIwJTIyb24lMjIlMjklMjAlN0IlMEElMjAlMjAlMjAlMjAlMjAlMjAlMjAlMjAlMjAlMjAlMjAlMjAlMjAlMjAlMjAlMjAlMjAlMjAlMjAlMjBkb2N1bWVudC5nZXRFbGVtZW50QnlJZCUyOGJvb2xfZmllbGRzJTVCaSU1RCUyOS52YWx1ZSUyMCUzRCUyMDElM0IlMEElMjAlMjAlMjAlMjAlMjAlMjAlMjAlMjAlMjAlMjAlMjAlMjAlMjAlMjAlMjAlMjAlN0QlMjBlbHNlJTIwJTdCJTBBJTIwJTIwJTIwJTIwJTIwJTIwJTIwJTIwJTIwJTIwJTIwJTIwJTIwJTIwJTIwJTIwJTIwJTIwJTIwJTIwZG9jdW1lbnQuZ2V0RWxlbWVudEJ5SWQlMjhib29sX2ZpZWxkcyU1QmklNUQlMjkudmFsdWUlMjAlM0QlMjAwJTNCJTBBJTIwJTIwJTIwJTIwJTIwJTIwJTIwJTIwJTIwJTIwJTIwJTIwJTIwJTIwJTIwJTIwJTdEJTBBJTIwJTIwJTIwJTIwJTIwJTIwJTIwJTIwJTIwJTIwJTIwJTIwJTdEJTBBJTIwJTIwJTIwJTIwJTIwJTIwJTIwJTIwJTdEJTBBJTIwJTIwJTIwJTIwJTdEJTBBJTNDJTJGc2NyaXB0JTNFJTNDJTJGYm9keSUzRSUzQyUyRmh0bWwlM0U=[\/vc_raw_html][\/vc_column][\/vc_row]<\/p>\n<\/div>","protected":false},"excerpt":{"rendered":"<p>[vc_row full_width=\u00bbstretch_row\u00bb bg_type=\u00bbbg_color\u00bb bg_color_value=\u00bb#ffffff\u00bb][vc_column][vc_column_text css=\u00bb\u00bb] ven \/ jardineria \/ productos solidarios \/ donativos \/ huerta \/ m\u00fasica \/ empresa \/ deportes \/ estudiantes [\/vc_column_text][vc_column_text css=\u00bb.vc_custom_1701166038950{margin-top: 40px !important;}\u00bb] Ven a nuestra casa [\/vc_column_text][vc_single_image image=\u00bb51711&#8243; img_size=\u00bbfull\u00bb][vc_row_inner][vc_column_inner width=\u00bb1\/2&#8243;][vc_column_text] \u00bfTodas las personas con autismo son iguales? \u00bfC\u00f3mo vive una persona con autismo con discapacidad intelectual asociada? \u00bfCu\u00e1les son sus&hellip;<\/p>\n","protected":false},"author":1,"featured_media":0,"parent":0,"menu_order":30,"comment_status":"closed","ping_status":"closed","template":"","meta":{"footnotes":""},"class_list":["post-52092","page","type-page","status-publish","hentry","description-off"],"yoast_head":"<!-- This site is optimized with the Yoast SEO plugin v27.4 - https:\/\/yoast.com\/product\/yoast-seo-wordpress\/ -->\n<title>Ven a nuestra casa - Autisme la Garriga<\/title>\n<meta name=\"description\" content=\"Te damos la posibilidad de que nos conozcas y puedas transmitirnos tu experiencia para ser los ojos de la sociedad y que cada vez podamos acercar m\u00e1s la diversidad del autismo.\" \/>\n<meta name=\"robots\" content=\"index, follow, max-snippet:-1, max-image-preview:large, max-video-preview:-1\" \/>\n<link rel=\"canonical\" href=\"https:\/\/www.autisme.com\/es\/ven\/\" \/>\n<meta property=\"og:locale\" content=\"es_ES\" \/>\n<meta property=\"og:type\" content=\"article\" \/>\n<meta property=\"og:title\" content=\"Ven a nuestra casa - Autisme la Garriga\" \/>\n<meta property=\"og:description\" content=\"Te damos la posibilidad de que nos conozcas y puedas transmitirnos tu experiencia para ser los ojos de la sociedad y que cada vez podamos acercar m\u00e1s la diversidad del autismo.\" \/>\n<meta property=\"og:url\" content=\"https:\/\/www.autisme.com\/es\/ven\/\" \/>\n<meta property=\"og:site_name\" content=\"Autisme la Garriga\" \/>\n<meta property=\"article:modified_time\" content=\"2025-03-20T10:55:32+00:00\" \/>\n<meta name=\"twitter:card\" content=\"summary_large_image\" \/>\n<meta name=\"twitter:label1\" content=\"Tiempo de lectura\" \/>\n\t<meta name=\"twitter:data1\" content=\"8 minutos\" \/>\n<script type=\"application\/ld+json\" class=\"yoast-schema-graph\">{\"@context\":\"https:\\\/\\\/schema.org\",\"@graph\":[{\"@type\":\"WebPage\",\"@id\":\"https:\\\/\\\/www.autisme.com\\\/es\\\/ven\\\/\",\"url\":\"https:\\\/\\\/www.autisme.com\\\/es\\\/ven\\\/\",\"name\":\"Ven a nuestra casa - Autisme la Garriga\",\"isPartOf\":{\"@id\":\"https:\\\/\\\/www.autisme.com\\\/es\\\/#website\"},\"datePublished\":\"2023-09-16T16:37:08+00:00\",\"dateModified\":\"2025-03-20T10:55:32+00:00\",\"description\":\"Te damos la posibilidad de que nos conozcas y puedas transmitirnos tu experiencia para ser los ojos de la sociedad y que cada vez podamos acercar m\u00e1s la diversidad del autismo.\",\"breadcrumb\":{\"@id\":\"https:\\\/\\\/www.autisme.com\\\/es\\\/ven\\\/#breadcrumb\"},\"inLanguage\":\"es\",\"potentialAction\":[{\"@type\":\"ReadAction\",\"target\":[\"https:\\\/\\\/www.autisme.com\\\/es\\\/ven\\\/\"]}]},{\"@type\":\"BreadcrumbList\",\"@id\":\"https:\\\/\\\/www.autisme.com\\\/es\\\/ven\\\/#breadcrumb\",\"itemListElement\":[{\"@type\":\"ListItem\",\"position\":1,\"name\":\"Inici\",\"item\":\"https:\\\/\\\/www.autisme.com\\\/es\\\/\"},{\"@type\":\"ListItem\",\"position\":2,\"name\":\"Ven a nuestra casa\"}]},{\"@type\":\"WebSite\",\"@id\":\"https:\\\/\\\/www.autisme.com\\\/es\\\/#website\",\"url\":\"https:\\\/\\\/www.autisme.com\\\/es\\\/\",\"name\":\"Autisme la Garriga\",\"description\":\"\",\"potentialAction\":[{\"@type\":\"SearchAction\",\"target\":{\"@type\":\"EntryPoint\",\"urlTemplate\":\"https:\\\/\\\/www.autisme.com\\\/es\\\/?s={search_term_string}\"},\"query-input\":{\"@type\":\"PropertyValueSpecification\",\"valueRequired\":true,\"valueName\":\"search_term_string\"}}],\"inLanguage\":\"es\"}]}<\/script>\n<!-- \/ Yoast SEO plugin. -->","yoast_head_json":{"title":"Ven a nuestra casa - Autisme la Garriga","description":"Te damos la posibilidad de que nos conozcas y puedas transmitirnos tu experiencia para ser los ojos de la sociedad y que cada vez podamos acercar m\u00e1s la diversidad del autismo.","robots":{"index":"index","follow":"follow","max-snippet":"max-snippet:-1","max-image-preview":"max-image-preview:large","max-video-preview":"max-video-preview:-1"},"canonical":"https:\/\/www.autisme.com\/es\/ven\/","og_locale":"es_ES","og_type":"article","og_title":"Ven a nuestra casa - Autisme la Garriga","og_description":"Te damos la posibilidad de que nos conozcas y puedas transmitirnos tu experiencia para ser los ojos de la sociedad y que cada vez podamos acercar m\u00e1s la diversidad del autismo.","og_url":"https:\/\/www.autisme.com\/es\/ven\/","og_site_name":"Autisme la Garriga","article_modified_time":"2025-03-20T10:55:32+00:00","twitter_card":"summary_large_image","twitter_misc":{"Tiempo de lectura":"8 minutos"},"schema":{"@context":"https:\/\/schema.org","@graph":[{"@type":"WebPage","@id":"https:\/\/www.autisme.com\/es\/ven\/","url":"https:\/\/www.autisme.com\/es\/ven\/","name":"Ven a nuestra casa - Autisme la Garriga","isPartOf":{"@id":"https:\/\/www.autisme.com\/es\/#website"},"datePublished":"2023-09-16T16:37:08+00:00","dateModified":"2025-03-20T10:55:32+00:00","description":"Te damos la posibilidad de que nos conozcas y puedas transmitirnos tu experiencia para ser los ojos de la sociedad y que cada vez podamos acercar m\u00e1s la diversidad del autismo.","breadcrumb":{"@id":"https:\/\/www.autisme.com\/es\/ven\/#breadcrumb"},"inLanguage":"es","potentialAction":[{"@type":"ReadAction","target":["https:\/\/www.autisme.com\/es\/ven\/"]}]},{"@type":"BreadcrumbList","@id":"https:\/\/www.autisme.com\/es\/ven\/#breadcrumb","itemListElement":[{"@type":"ListItem","position":1,"name":"Inici","item":"https:\/\/www.autisme.com\/es\/"},{"@type":"ListItem","position":2,"name":"Ven a nuestra casa"}]},{"@type":"WebSite","@id":"https:\/\/www.autisme.com\/es\/#website","url":"https:\/\/www.autisme.com\/es\/","name":"Autisme la Garriga","description":"","potentialAction":[{"@type":"SearchAction","target":{"@type":"EntryPoint","urlTemplate":"https:\/\/www.autisme.com\/es\/?s={search_term_string}"},"query-input":{"@type":"PropertyValueSpecification","valueRequired":true,"valueName":"search_term_string"}}],"inLanguage":"es"}]}},"_links":{"self":[{"href":"https:\/\/www.autisme.com\/es\/wp-json\/wp\/v2\/pages\/52092","targetHints":{"allow":["GET"]}}],"collection":[{"href":"https:\/\/www.autisme.com\/es\/wp-json\/wp\/v2\/pages"}],"about":[{"href":"https:\/\/www.autisme.com\/es\/wp-json\/wp\/v2\/types\/page"}],"author":[{"embeddable":true,"href":"https:\/\/www.autisme.com\/es\/wp-json\/wp\/v2\/users\/1"}],"replies":[{"embeddable":true,"href":"https:\/\/www.autisme.com\/es\/wp-json\/wp\/v2\/comments?post=52092"}],"version-history":[{"count":0,"href":"https:\/\/www.autisme.com\/es\/wp-json\/wp\/v2\/pages\/52092\/revisions"}],"wp:attachment":[{"href":"https:\/\/www.autisme.com\/es\/wp-json\/wp\/v2\/media?parent=52092"}],"curies":[{"name":"wp","href":"https:\/\/api.w.org\/{rel}","templated":true}]}}