{"id":52635,"date":"2024-07-10T11:11:59","date_gmt":"2024-07-10T09:11:59","guid":{"rendered":"https:\/\/www.autisme.com\/rrhh-2\/"},"modified":"2024-07-10T11:40:54","modified_gmt":"2024-07-10T09:40:54","slug":"rrhh","status":"publish","type":"page","link":"https:\/\/www.autisme.com\/es\/rrhh\/","title":{"rendered":"RRHH"},"content":{"rendered":"<div class=\"wpb-content-wrapper\"><p>[vc_row][vc_column]<div id='wrap_map_69f44409bf310' class='ultimate-map-wrapper ult-adjust-bottom-margin ' style=' height:500px;'><div id='map_69f44409bf310' data-map_override='0' class='ultimate_google_map wpb_content_element 0' style='width:100%;height:500px;'><\/div><\/div><script type='text\/javascript'>\n\t\t\t(function($) {\n  \t\t\t'use strict';\n\t\t\tvar map_map_69f44409bf310 = null;\n\t\t\tvar coordinate_map_69f44409bf310;\n\t\t\tvar isDraggable = $(document).width() > 641 ? 'true' : 'true';\n\t\t\ttry\n\t\t\t{\n\t\t\t\tvar map_map_69f44409bf310 = null;\n\t\t\t\tvar coordinate_map_69f44409bf310;\n\t\t\t\tcoordinate_map_69f44409bf310 = new google.maps.LatLng(41.681285, 2.289247);\n\t\t\t\tvar mapOptions=\n\t\t\t\t{\n\t\t\t\t\tzoom: 16,\n\t\t\t\t\tcenter: coordinate_map_69f44409bf310,\n\t\t\t\t\tscaleControl: true,\n\t\t\t\t\tstreetViewControl: false,\n\t\t\t\t\tmapTypeControl: false,\n\t\t\t\t\tpanControl: false,\n\t\t\t\t\tzoomControl: false,\n\t\t\t\t\tscrollwheel: false,\n\t\t\t\t\tdraggable: isDraggable,\n\t\t\t\t\tzoomControlOptions: {\n\t\t\t\t\t\tposition: google.maps.ControlPosition.right_bottom\n\t\t\t\t\t}, mapTypeControlOptions: {\n\t\t\t\t\t\t\tmapTypeIds: [google.maps.MapTypeId.roadmap, 'map_style']\n\t\t\t\t\t\t}};var styles = [\n    {\n        \"featureType\": \"all\",\n        \"elementType\": \"geometry\",\n        \"stylers\": [\n            {\n                \"visibility\": \"on\"\n            }\n        ]\n    },\n    {\n        \"featureType\": \"all\",\n        \"elementType\": \"labels\",\n        \"stylers\": [\n            {\n                \"visibility\": \"on\"\n            }\n        ]\n    },\n    {\n        \"featureType\": \"all\",\n        \"elementType\": \"labels.text\",\n        \"stylers\": [\n            {\n                \"color\": \"#000000\"\n            }\n        ]\n    },\n    {\n        \"featureType\": \"all\",\n        \"elementType\": \"labels.text.fill\",\n        \"stylers\": [\n            {\n                \"saturation\": 36\n            },\n            {\n                \"lightness\": 40\n            },\n            {\n                \"color\": \"#008000\"\n            }\n        ]\n    },\n    {\n        \"featureType\": \"all\",\n        \"elementType\": \"labels.text.stroke\",\n        \"stylers\": [\n            {\n                \"visibility\": \"on\"\n            },\n            {\n                \"lightness\": 16\n            },\n            {\n                \"color\": \"#ffffff\"\n            }\n        ]\n    },\n    {\n        \"featureType\": \"all\",\n        \"elementType\": \"labels.icon\",\n        \"stylers\": [\n            {\n                \"visibility\": \"simplified\"\n            },\n            {\n                \"color\": \"#008000\"\n            }\n        ]\n    },\n    {\n        \"featureType\": \"administrative\",\n        \"elementType\": \"geometry.fill\",\n        \"stylers\": [\n            {\n                \"color\": \"#E5F1E3\"\n            },\n            {\n                \"lightness\": 20\n            }\n        ]\n    },\n    {\n        \"featureType\": \"administrative\",\n        \"elementType\": \"geometry.stroke\",\n        \"stylers\": [\n            {\n                \"color\": \"#fefefe\"\n            },\n            {\n                \"lightness\": 17\n            },\n            {\n                \"weight\": 1.2\n            }\n        ]\n    },\n    {\n        \"featureType\": \"landscape\",\n        \"elementType\": \"all\",\n        \"stylers\": [\n            {\n                \"visibility\": \"on\"\n            }\n        ]\n    },\n    {\n        \"featureType\": \"landscape\",\n        \"elementType\": \"geometry\",\n        \"stylers\": [\n            {\n                \"color\": \"#E5F1E3\"\n            },\n            {\n                \"lightness\": 20\n            }\n        ]\n    },\n    {\n        \"featureType\": \"poi\",\n        \"elementType\": \"geometry\",\n        \"stylers\": [\n            {\n                \"color\": \"#F8EEED\"\n            },\n            {\n                \"lightness\": 21\n            }\n        ]\n    },\n    {\n        \"featureType\": \"poi.park\",\n        \"elementType\": \"geometry\",\n        \"stylers\": [\n            {\n                \"color\": \"#F8EEED\"\n            },\n            {\n                \"lightness\": 21\n            }\n        ]\n    },\n    {\n        \"featureType\": \"road.highway\",\n        \"elementType\": \"all\",\n        \"stylers\": [\n            {\n                \"visibility\": \"on\"\n            }\n        ]\n    },\n    {\n        \"featureType\": \"road.highway\",\n        \"elementType\": \"geometry.fill\",\n        \"stylers\": [\n            {\n                \"color\": \"#ffffff\"\n            },\n            {\n                \"lightness\": 17\n            }\n        ]\n    },\n    {\n        \"featureType\": \"road.highway\",\n        \"elementType\": \"geometry.stroke\",\n        \"stylers\": [\n            {\n                \"color\": \"#ffffff\"\n            },\n            {\n                \"lightness\": 29\n            },\n            {\n                \"weight\": 0.2\n            }\n        ]\n    },\n    {\n        \"featureType\": \"road.highway\",\n        \"elementType\": \"labels\",\n        \"stylers\": [\n            {\n                \"visibility\": \"off\"\n            }\n        ]\n    },\n    {\n        \"featureType\": \"road.arterial\",\n        \"elementType\": \"all\",\n        \"stylers\": [\n            {\n                \"visibility\": \"on\"\n            }\n        ]\n    },\n    {\n        \"featureType\": \"road.arterial\",\n        \"elementType\": \"geometry\",\n        \"stylers\": [\n            {\n                \"color\": \"#ffffff\"\n            },\n            {\n                \"lightness\": 18\n            }\n        ]\n    },\n    {\n        \"featureType\": \"road.arterial\",\n        \"elementType\": \"labels\",\n        \"stylers\": [\n            {\n                \"visibility\": \"simplified\"\n            }\n        ]\n    },\n    {\n        \"featureType\": \"road.arterial\",\n        \"elementType\": \"labels.icon\",\n        \"stylers\": [\n            {\n                \"visibility\": \"off\"\n            }\n        ]\n    },\n    {\n        \"featureType\": \"road.local\",\n        \"elementType\": \"geometry\",\n        \"stylers\": [\n            {\n                \"color\": \"#ffffff\"\n            },\n            {\n                \"lightness\": 16\n            },\n            {\n                \"visibility\": \"on\"\n            }\n        ]\n    },\n    {\n        \"featureType\": \"transit\",\n        \"elementType\": \"all\",\n        \"stylers\": [\n            {\n                \"visibility\": \"on\"\n            }\n        ]\n    },\n    {\n        \"featureType\": \"transit\",\n        \"elementType\": \"geometry\",\n        \"stylers\": [\n            {\n                \"color\": \"#f2f2f2\"\n            },\n            {\n                \"lightness\": 19\n            }\n        ]\n    },\n    {\n        \"featureType\": \"transit.line\",\n        \"elementType\": \"all\",\n        \"stylers\": [\n            {\n                \"visibility\": \"on\"\n            }\n        ]\n    },\n    {\n        \"featureType\": \"transit.station\",\n        \"elementType\": \"all\",\n        \"stylers\": [\n            {\n                \"visibility\": \"off\"\n            }\n        ]\n    },\n    {\n        \"featureType\": \"transit.station.airport\",\n        \"elementType\": \"all\",\n        \"stylers\": [\n            {\n                \"visibility\": \"off\"\n            }\n        ]\n    },\n    {\n        \"featureType\": \"transit.station.bus\",\n        \"elementType\": \"all\",\n        \"stylers\": [\n            {\n                \"visibility\": \"off\"\n            }\n        ]\n    },\n    {\n        \"featureType\": \"transit.station.rail\",\n        \"elementType\": \"all\",\n        \"stylers\": [\n            {\n                \"visibility\": \"off\"\n            }\n        ]\n    },\n    {\n        \"featureType\": \"water\",\n        \"elementType\": \"geometry\",\n        \"stylers\": [\n            {\n                \"lightness\": \"0\"\n            },\n            {\n                \"gamma\": \"0.00\"\n            },\n            {\n                \"color\": \"#F8EEED\"\n            }\n        ]\n    }\n]; var styledMap = new google.maps.StyledMapType(styles,{name: \"Styled Map\"});var map_map_69f44409bf310 = new google.maps.Map(document.getElementById('map_69f44409bf310'),mapOptions);map_map_69f44409bf310.mapTypes.set('map_style', styledMap);\n \t\t\t\t\t\t\t map_map_69f44409bf310.setMapTypeId('map_style');\n\t\t\t\t\t\tvar x = 'infowindow_open_value';\n\t\t\t\t\t\tvar marker_map_69f44409bf310 = new google.maps.Marker({\n\t\t\t\t\t\tposition: new google.maps.LatLng('41.681285', '2.289247'),\n\t\t\t\t\t\tanimation:  google.maps.Animation.DROP,\n\t\t\t\t\t\tmap: map_map_69f44409bf310,\n\t\t\t\t\t\ticon: ''\n\t\t\t\t\t});\tgoogle.maps.event.addListener(marker_map_69f44409bf310, 'click', toggleBounce);}\n\t\t\tcatch(e){};\n\t\t\tjQuery(document).ready(function($){\n\t\t\t\tgoogle.maps.event.trigger(map_map_69f44409bf310, 'resize');\n\t\t\t\t$(window).on('resize', function(){\n\t\t\t\t\tgoogle.maps.event.trigger(map_map_69f44409bf310, 'resize');\n\t\t\t\t\tif(map_map_69f44409bf310!=null)\n\t\t\t\t\t\tmap_map_69f44409bf310.setCenter(coordinate_map_69f44409bf310);\n\t\t\t\t});\n\t\t\t\t$('.ui-tabs').on('tabsactivate', function(event, ui) {\n\t\t\t\t   if($(this).find('.ultimate-map-wrapper').length > 0)\n\t\t\t\t\t{\n\t\t\t\t\t\tsetTimeout(function(){\n\t\t\t\t\t\t\t$(window).trigger('resize');\n\t\t\t\t\t\t},200);\n\t\t\t\t\t}\n\t\t\t\t});\n\t\t\t\t$('.ui-accordion').on('accordionactivate', function(event, ui) {\n\t\t\t\t   if($(this).find('.ultimate-map-wrapper').length > 0)\n\t\t\t\t\t{\n\t\t\t\t\t\tsetTimeout(function(){\n\t\t\t\t\t\t\t$(window).trigger('resize');\n\t\t\t\t\t\t},200);\n\t\t\t\t\t}\n\t\t\t\t});\n\t\t\t\t$(window).on('load',function(){\n\t\t\t\t\tsetTimeout(function(){\n\t\t\t\t\t\t$(window).trigger('resize');\n\t\t\t\t\t},200);\n\t\t\t\t});\n\t\t\t\t$('.ult_exp_section').on('select', function(){\n\t\t\t\t\tif($(map_map_69f44409bf310).parents('.ult_exp_section'))\n\t\t\t\t\t{\n\t\t\t\t\t\tsetTimeout(function(){\n\t\t\t\t\t\t\t$(window).trigger('resize');\n\t\t\t\t\t\t},200);\n\t\t\t\t\t}\n\t\t\t\t});\n\t\t\t\t$(document).on('onUVCModalPopupOpen', function(){\n\t\t\t\t\tif($(map_map_69f44409bf310).parents('.ult_modal-content'))\n\t\t\t\t\t{\n\t\t\t\t\t\tsetTimeout(function(){\n\t\t\t\t\t\t\t$(window).trigger('resize');\n\t\t\t\t\t\t},200);\n\t\t\t\t\t}\n\t\t\t\t});\n\t\t\t\t$(document).on('click','.ult_tab_li',function(){\n\t\t\t\t\t$(window).trigger('resize');\n\t\t\t\t\tsetTimeout(function(){\n\t\t\t\t\t\t$(window).trigger('resize');\n\t\t\t\t\t},200);\n\t\t\t\t});\n\t\t\t});\n\t\t\tfunction toggleBounce() {\n\t\t\t  if (marker_map_69f44409bf310.getAnimation() != null) {\n\t\t\t\tmarker_map_69f44409bf310.setAnimation(null);\n\t\t\t  } else {\n\t\t\t\tmarker_map_69f44409bf310.setAnimation(google.maps.Animation.BOUNCE);\n\t\t\t  }\n\t\t\t}\n\t\t\t})(jQuery);\n\t\t\t<\/script>[\/vc_column][\/vc_row][vc_row el_id=\u00bbformulari\u00bb][vc_column el_id=\u00bbinfo-contacte\u00bb]<div class=\"ult-spacer spacer-69f44409bf491\" data-id=\"69f44409bf491\" data-height=\"20\" data-height-mobile=\"0\" data-height-tab=\"20\" data-height-tab-portrait=\"20\" data-height-mobile-landscape=\"0\" style=\"clear:both;display:block;\"><\/div>[vc_column_text]<\/p>\n<h2>Autisme la Garriga<\/h2>\n<p>[\/vc_column_text][vc_column_text css=\u00bb\u00bb]<\/p>\n<h2>IMPORTANTE: Obras de desdoblamiento de la l\u00ednea R3<\/h2>\n<p>Debido a las obras de desdoblamiento de la v\u00eda R3 en la Garriga, el acceso a nuestros servicios puede variar.<\/p>\n<p>En la web del ayuntamiento puede consultar las alternativas para llegar a nuestras instalaciones.<\/p>\n<h2><a style=\"font-size: 14px; font-weight: normal;\" href=\"https:\/\/lagarriga.cat\/\" target=\"_blank\" rel=\"noopener\">https:\/\/lagarriga.cat\/<\/a><\/h2>\n<p>[\/vc_column_text]<div class=\"ult-spacer spacer-69f44409bf4cb\" data-id=\"69f44409bf4cb\" data-height=\"40\" data-height-mobile=\"0\" data-height-tab=\"40\" data-height-tab-portrait=\"40\" data-height-mobile-landscape=\"0\" style=\"clear:both;display:block;\"><\/div>[vc_row_inner el_class=\u00bbbloc-contacte\u00bb][vc_column_inner width=\u00bb5\/12&#8243;][vc_column_text css=\u00bb\u00bb]<strong>Ronda del Carril, 75<\/strong><br \/>\n<strong>08530 la Garriga (Barcelona)<\/strong><br \/>\nDe lunes a jueves de 9 a 14 y de 15 a 16:30.<br \/>\nViernes de 9 a 13.<\/p>\n<p>Tel\u00e9fono: <a class=\"social\" href=\"tel:+3460608840\" target=\"_blank\" rel=\"noopener noreferrer\">+34 938 714 757<\/a><\/p>\n<p><a class=\"social\" href=\"https:\/\/www.instagram.com\/autismelagarriga\/\" target=\"_blank\" rel=\"noopener noreferrer\">Instagram<\/a><br \/>\n<a class=\"social\" href=\"https:\/\/twitter.com\/AutismeGarriga\" target=\"_blank\" rel=\"noopener noreferrer\">Twitter<\/a><br \/>\n<a class=\"social\" href=\"https:\/\/www.facebook.com\/autismelagarriga\" target=\"_blank\" rel=\"noopener noreferrer\">Facebook<\/a><br \/>\n<a class=\"social\" href=\"https:\/\/www.youtube.com\/user\/AutismelaGarriga\" target=\"_blank\" rel=\"noopener noreferrer\">Youtube<\/a>[\/vc_column_text][\/vc_column_inner][vc_column_inner width=\u00bb7\/12&#8243;][\/vc_column_inner][\/vc_row_inner]<div class=\"ult-spacer spacer-69f44409bf4fa\" data-id=\"69f44409bf4fa\" data-height=\"60\" data-height-mobile=\"60\" data-height-tab=\"60\" data-height-tab-portrait=\"60\" data-height-mobile-landscape=\"60\" style=\"clear:both;display:block;\"><\/div>[\/vc_column][\/vc_row][vc_row][vc_column][vc_column_text css=\u00bb\u00bb]<\/p>\n<h2>Trabaja con nosotros<\/h2>\n<p>Hoy, Autisme la Garriga es l\u00edder en el tratamiento de personas con autismo en Catalu\u00f1a y centro piloto de Programas Europeos de Formaci\u00f3n en autismo.<br \/>\nNuestro proyecto ha cumplido m\u00e1s de 40 a\u00f1os.<br \/>\nQueremos ofrecerte la posibilidad de colaborar en nuestro proyecto.<\/p>\n<p>Autismo La Garriga cuenta con un equipo con diferentes perfiles profesionales. Adem\u00e1s del equipo directivo y administrativo, trabajan psiquiatras, neur\u00f3logos, m\u00e9dicos, psic\u00f3logos, pedagogos, trabajadores sociales, maestros, educadores, t\u00e9cnicos, auxiliares, personal de servicios calificado y no cualificado&#8230; en horarios de ma\u00f1ana, tarde, noche o fin de semana. Si tu nivel de competencia en alguno de estos campos es elevado, tu futuro profesional puede desarrollarse con nosotros.<\/p>\n<p>La clave del \u00e9xito de Autisme la Garriga radica en las personas que trabajan con nosotros y que se esfuerzan a diario para conseguir el objetivo de satisfacer las necesidades de las personas con autismo que son atendidas en nuestras instalaciones. La capacidad de trabajo en equipo, la iniciativa y adaptaci\u00f3n son caracter\u00edsticas que definen a nuestros colaboradores.[\/vc_column_text][vc_column_text css=\u00bb\u00bb]Nuestra pol\u00edtica de recursos humanos est\u00e1 orientada a incorporar a nuestra plantilla a los mejores profesionales ya participar en su desarrollo profesional y personal.<\/p>\n<p>Por eso, nuestra preocupaci\u00f3n constante por su formaci\u00f3n y nuestra apuesta por la promoci\u00f3n interna que permite establecer planes de carrera que valoran especialmente la polivalencia funcional.<br \/>\nSi te identificas con estos valores y te interesa nuestro proyecto, te proponemos que te unas a nosotros.<br \/>\nSi lo deseas, puedes enviarnos tu C.V. a trav\u00e9s de este formulario.[\/vc_column_text][vc_column_text css=\u00bb\u00bb]Formulario de RRHH<\/p>\n<p>En cumplimiento del nuevo RGPD, Autisme la Garriga le informa que los datos de este formulario ser\u00e1n incorporados a un fichero propiedad de las entidades que conforman el proyecto Autisme la Garriga con el fin de cubrir la vacante de un posible puesto de trabajo y, en su caso, de mantenerle informado sobre actos y actividades relacionados con el proyecto. Puede ejercer sus derechos de acceso, rectificaci\u00f3n, cancelaci\u00f3n y oposici\u00f3n que marca la legislaci\u00f3n vigente dirigi\u00e9ndose a Autisme la Garriga, Ronda del Carril n\u00ba 75, 08530 la Garriga, o enviando un correo electr\u00f3nico a autismelagarriga@autisme.com<\/p>\n<h2><span style=\"font-size: 14px; font-weight: normal;\">.<\/span><\/h2>\n<p>[\/vc_column_text]\n<div class=\"wpcf7 no-js\" id=\"wpcf7-f6-o1\" lang=\"ca\" dir=\"ltr\" data-wpcf7-id=\"6\">\n<div class=\"screen-reader-response\"><p role=\"status\" aria-live=\"polite\" aria-atomic=\"true\"><\/p> <ul><\/ul><\/div>\n<form action=\"\/es\/wp-json\/wp\/v2\/pages\/52635#wpcf7-f6-o1\" method=\"post\" class=\"wpcf7-form init wpcf7-acceptance-as-validation\" aria-label=\"Formulari de contacte\" enctype=\"multipart\/form-data\" novalidate=\"novalidate\" data-status=\"init\">\n<fieldset class=\"hidden-fields-container\"><input type=\"hidden\" name=\"_wpcf7\" value=\"6\" \/><input type=\"hidden\" name=\"_wpcf7_version\" value=\"6.1.5\" \/><input type=\"hidden\" name=\"_wpcf7_locale\" value=\"ca\" \/><input type=\"hidden\" name=\"_wpcf7_unit_tag\" value=\"wpcf7-f6-o1\" \/><input type=\"hidden\" name=\"_wpcf7_container_post\" value=\"0\" \/><input type=\"hidden\" name=\"_wpcf7_posted_data_hash\" value=\"\" \/><input type=\"hidden\" name=\"_wpcf7_recaptcha_response\" value=\"\" \/>\n<\/fieldset>\n<p><span class=\"wpcf7-form-control-wrap\" data-name=\"nom\"><input size=\"40\" maxlength=\"400\" class=\"wpcf7-form-control wpcf7-text wpcf7-validates-as-required\" aria-required=\"true\" aria-invalid=\"false\" placeholder=\"El vostre nom\" value=\"\" type=\"text\" name=\"nom\" \/><\/span><br \/>\n<span class=\"wpcf7-form-control-wrap\" data-name=\"correu\"><input size=\"40\" maxlength=\"400\" class=\"wpcf7-form-control wpcf7-email wpcf7-validates-as-required wpcf7-text wpcf7-validates-as-email\" aria-required=\"true\" aria-invalid=\"false\" placeholder=\"El vostre e-mail\" value=\"\" type=\"email\" name=\"correu\" \/><\/span><br \/>\n<span class=\"wpcf7-form-control-wrap\" data-name=\"missatge\"><textarea cols=\"40\" rows=\"10\" maxlength=\"2000\" class=\"wpcf7-form-control wpcf7-textarea\" aria-invalid=\"false\" placeholder=\"El vostre missatge\" name=\"missatge\"><\/textarea><\/span><br \/>\n<span class=\"wpcf7-form-control-wrap\" data-name=\"fitxer\"><input size=\"40\" class=\"wpcf7-form-control wpcf7-file\" accept=\".pdf,.doc,.docx,.jpg,.png\" aria-invalid=\"false\" type=\"file\" name=\"fitxer\" \/><\/span>\n<\/p>\n<p>&nbsp;\n<\/p>\n<p><span class=\"wpcf7-form-control-wrap\" data-name=\"politica-privadesa\"><span class=\"wpcf7-form-control wpcf7-acceptance\"><span class=\"wpcf7-list-item\"><label><input type=\"checkbox\" name=\"politica-privadesa\" value=\"1\" aria-invalid=\"false\" \/><span class=\"wpcf7-list-item-label\">He llegit i accepto la pol\u00edtica de privadesa<\/span><\/label><\/span><\/span><\/span><br \/>\n<span class=\"wpcf7-form-control-wrap\" data-name=\"butlleti\"><span class=\"wpcf7-form-control wpcf7-checkbox\"><span class=\"wpcf7-list-item first last\"><input type=\"checkbox\" name=\"butlleti[]\" value=\"Vull rebre informaci\u00f3 d\u2019Autisme la Garriga\" \/><span class=\"wpcf7-list-item-label\">Vull rebre informaci\u00f3 d\u2019Autisme la Garriga<\/span><\/span><\/span><\/span><br \/>\n<input class=\"wpcf7-form-control wpcf7-submit has-spinner\" type=\"submit\" value=\"Envia\" \/>\n<\/p><div class=\"wpcf7-response-output\" aria-hidden=\"true\"><\/div>\n<\/form>\n<\/div>\n[\/vc_column][\/vc_row]<\/p>\n<\/div>","protected":false},"excerpt":{"rendered":"<p>[vc_row][vc_column][\/vc_column][\/vc_row][vc_row el_id=\u00bbformulari\u00bb][vc_column el_id=\u00bbinfo-contacte\u00bb][vc_column_text] Autisme la Garriga [\/vc_column_text][vc_column_text css=\u00bb\u00bb] IMPORTANTE: Obras de desdoblamiento de la l\u00ednea R3 Debido a las obras de desdoblamiento de la v\u00eda R3 en la Garriga, el acceso a nuestros servicios puede variar. En la web del ayuntamiento puede consultar las alternativas para llegar a nuestras instalaciones. https:\/\/lagarriga.cat\/ [\/vc_column_text][vc_row_inner el_class=\u00bbbloc-contacte\u00bb][vc_column_inner width=\u00bb5\/12&#8243;][vc_column_text css=\u00bb\u00bb]Ronda&hellip;<\/p>\n","protected":false},"author":1,"featured_media":0,"parent":0,"menu_order":0,"comment_status":"closed","ping_status":"closed","template":"","meta":{"footnotes":""},"class_list":["post-52635","page","type-page","status-publish","hentry","description-off"],"yoast_head":"<!-- This site is optimized with the Yoast SEO plugin v27.4 - https:\/\/yoast.com\/product\/yoast-seo-wordpress\/ -->\n<title>RRHH - Autisme la Garriga<\/title>\n<meta name=\"description\" content=\"Treballa amb les entitats d&#039;Autisme la Garriga: APAFAC, ASEPAC, CERAC i la Fundaci\u00f3 Congost Autisme. Formulari RRHH.\" \/>\n<meta name=\"robots\" content=\"index, follow, max-snippet:-1, max-image-preview:large, max-video-preview:-1\" \/>\n<link rel=\"canonical\" href=\"https:\/\/www.autisme.com\/es\/rrhh\/\" \/>\n<meta property=\"og:locale\" content=\"es_ES\" \/>\n<meta property=\"og:type\" content=\"article\" \/>\n<meta property=\"og:title\" content=\"RRHH - Autisme la Garriga\" \/>\n<meta property=\"og:description\" content=\"Treballa amb les entitats d&#039;Autisme la Garriga: APAFAC, ASEPAC, CERAC i la Fundaci\u00f3 Congost Autisme. Formulari RRHH.\" \/>\n<meta property=\"og:url\" content=\"https:\/\/www.autisme.com\/es\/rrhh\/\" \/>\n<meta property=\"og:site_name\" content=\"Autisme la Garriga\" \/>\n<meta property=\"article:modified_time\" content=\"2024-07-10T09:40:54+00:00\" \/>\n<meta name=\"twitter:card\" content=\"summary_large_image\" \/>\n<meta name=\"twitter:label1\" content=\"Tiempo de lectura\" \/>\n\t<meta name=\"twitter:data1\" content=\"3 minutos\" \/>\n<script type=\"application\/ld+json\" class=\"yoast-schema-graph\">{\"@context\":\"https:\\\/\\\/schema.org\",\"@graph\":[{\"@type\":\"WebPage\",\"@id\":\"https:\\\/\\\/www.autisme.com\\\/es\\\/rrhh\\\/\",\"url\":\"https:\\\/\\\/www.autisme.com\\\/es\\\/rrhh\\\/\",\"name\":\"RRHH - Autisme la Garriga\",\"isPartOf\":{\"@id\":\"https:\\\/\\\/www.autisme.com\\\/es\\\/#website\"},\"datePublished\":\"2024-07-10T09:11:59+00:00\",\"dateModified\":\"2024-07-10T09:40:54+00:00\",\"description\":\"Treballa amb les entitats d'Autisme la Garriga: APAFAC, ASEPAC, CERAC i la Fundaci\u00f3 Congost Autisme. Formulari RRHH.\",\"breadcrumb\":{\"@id\":\"https:\\\/\\\/www.autisme.com\\\/es\\\/rrhh\\\/#breadcrumb\"},\"inLanguage\":\"es\",\"potentialAction\":[{\"@type\":\"ReadAction\",\"target\":[\"https:\\\/\\\/www.autisme.com\\\/es\\\/rrhh\\\/\"]}]},{\"@type\":\"BreadcrumbList\",\"@id\":\"https:\\\/\\\/www.autisme.com\\\/es\\\/rrhh\\\/#breadcrumb\",\"itemListElement\":[{\"@type\":\"ListItem\",\"position\":1,\"name\":\"Inici\",\"item\":\"https:\\\/\\\/www.autisme.com\\\/es\\\/\"},{\"@type\":\"ListItem\",\"position\":2,\"name\":\"RRHH\"}]},{\"@type\":\"WebSite\",\"@id\":\"https:\\\/\\\/www.autisme.com\\\/es\\\/#website\",\"url\":\"https:\\\/\\\/www.autisme.com\\\/es\\\/\",\"name\":\"Autisme la Garriga\",\"description\":\"\",\"potentialAction\":[{\"@type\":\"SearchAction\",\"target\":{\"@type\":\"EntryPoint\",\"urlTemplate\":\"https:\\\/\\\/www.autisme.com\\\/es\\\/?s={search_term_string}\"},\"query-input\":{\"@type\":\"PropertyValueSpecification\",\"valueRequired\":true,\"valueName\":\"search_term_string\"}}],\"inLanguage\":\"es\"}]}<\/script>\n<!-- \/ Yoast SEO plugin. -->","yoast_head_json":{"title":"RRHH - Autisme la Garriga","description":"Treballa amb les entitats d'Autisme la Garriga: APAFAC, ASEPAC, CERAC i la Fundaci\u00f3 Congost Autisme. Formulari RRHH.","robots":{"index":"index","follow":"follow","max-snippet":"max-snippet:-1","max-image-preview":"max-image-preview:large","max-video-preview":"max-video-preview:-1"},"canonical":"https:\/\/www.autisme.com\/es\/rrhh\/","og_locale":"es_ES","og_type":"article","og_title":"RRHH - Autisme la Garriga","og_description":"Treballa amb les entitats d'Autisme la Garriga: APAFAC, ASEPAC, CERAC i la Fundaci\u00f3 Congost Autisme. Formulari RRHH.","og_url":"https:\/\/www.autisme.com\/es\/rrhh\/","og_site_name":"Autisme la Garriga","article_modified_time":"2024-07-10T09:40:54+00:00","twitter_card":"summary_large_image","twitter_misc":{"Tiempo de lectura":"3 minutos"},"schema":{"@context":"https:\/\/schema.org","@graph":[{"@type":"WebPage","@id":"https:\/\/www.autisme.com\/es\/rrhh\/","url":"https:\/\/www.autisme.com\/es\/rrhh\/","name":"RRHH - Autisme la Garriga","isPartOf":{"@id":"https:\/\/www.autisme.com\/es\/#website"},"datePublished":"2024-07-10T09:11:59+00:00","dateModified":"2024-07-10T09:40:54+00:00","description":"Treballa amb les entitats d'Autisme la Garriga: APAFAC, ASEPAC, CERAC i la Fundaci\u00f3 Congost Autisme. Formulari RRHH.","breadcrumb":{"@id":"https:\/\/www.autisme.com\/es\/rrhh\/#breadcrumb"},"inLanguage":"es","potentialAction":[{"@type":"ReadAction","target":["https:\/\/www.autisme.com\/es\/rrhh\/"]}]},{"@type":"BreadcrumbList","@id":"https:\/\/www.autisme.com\/es\/rrhh\/#breadcrumb","itemListElement":[{"@type":"ListItem","position":1,"name":"Inici","item":"https:\/\/www.autisme.com\/es\/"},{"@type":"ListItem","position":2,"name":"RRHH"}]},{"@type":"WebSite","@id":"https:\/\/www.autisme.com\/es\/#website","url":"https:\/\/www.autisme.com\/es\/","name":"Autisme la Garriga","description":"","potentialAction":[{"@type":"SearchAction","target":{"@type":"EntryPoint","urlTemplate":"https:\/\/www.autisme.com\/es\/?s={search_term_string}"},"query-input":{"@type":"PropertyValueSpecification","valueRequired":true,"valueName":"search_term_string"}}],"inLanguage":"es"}]}},"_links":{"self":[{"href":"https:\/\/www.autisme.com\/es\/wp-json\/wp\/v2\/pages\/52635","targetHints":{"allow":["GET"]}}],"collection":[{"href":"https:\/\/www.autisme.com\/es\/wp-json\/wp\/v2\/pages"}],"about":[{"href":"https:\/\/www.autisme.com\/es\/wp-json\/wp\/v2\/types\/page"}],"author":[{"embeddable":true,"href":"https:\/\/www.autisme.com\/es\/wp-json\/wp\/v2\/users\/1"}],"replies":[{"embeddable":true,"href":"https:\/\/www.autisme.com\/es\/wp-json\/wp\/v2\/comments?post=52635"}],"version-history":[{"count":0,"href":"https:\/\/www.autisme.com\/es\/wp-json\/wp\/v2\/pages\/52635\/revisions"}],"wp:attachment":[{"href":"https:\/\/www.autisme.com\/es\/wp-json\/wp\/v2\/media?parent=52635"}],"curies":[{"name":"wp","href":"https:\/\/api.w.org\/{rel}","templated":true}]}}